{"id":81,"date":"2023-01-18T14:54:03","date_gmt":"2023-01-18T13:54:03","guid":{"rendered":"https:\/\/3y9jeavoxu.preview.infomaniak.website\/?page_id=81"},"modified":"2025-04-25T11:03:21","modified_gmt":"2025-04-25T09:03:21","slug":"la-materiautheque-pro","status":"publish","type":"page","link":"https:\/\/www.materiaux.archi\/content\/la-materiautheque-pro\/","title":{"rendered":"Cr\u00e9ez une mat\u00e9riauth\u00e8que sur mesure pour votre agence !"},"content":{"rendered":"\n<div class=\"wp-block-media-text alignwide is-stacked-on-mobile is-style-full-width-image\"><figure class=\"wp-block-media-text__media\"><img fetchpriority=\"high\" decoding=\"async\" width=\"823\" height=\"538\" src=\"https:\/\/www.materiaux.archi\/content\/wp-content\/uploads\/2023\/01\/illustrations_materiaux.png\" alt=\"La Mat\u00e9riauth\u00e8que PRO\" class=\"wp-image-248 size-full\" srcset=\"https:\/\/www.materiaux.archi\/content\/wp-content\/uploads\/2023\/01\/illustrations_materiaux.png 823w, https:\/\/www.materiaux.archi\/content\/wp-content\/uploads\/2023\/01\/illustrations_materiaux-300x196.png 300w, https:\/\/www.materiaux.archi\/content\/wp-content\/uploads\/2023\/01\/illustrations_materiaux-768x502.png 768w\" sizes=\"(max-width: 823px) 100vw, 823px\" \/><\/figure><div class=\"wp-block-media-text__content\">\n<h2 class=\"wp-block-heading has-medium-gray-color has-text-color\">La Mat\u00e9riauth\u00e8que PRO &#8211; Un nouvel outil pour transformer votre fa\u00e7on de g\u00e9rer les mat\u00e9riaux<\/h2>\n\n\n\n<p>La Mat\u00e9riauth\u00e8que PRO est un outil num\u00e9rique collaboratif con\u00e7u pour faciliter la gestion et le partage de vos collections de mat\u00e9riaux avec vos coll\u00e8gues et clients. Non seulement il simplifie l&rsquo;association de vos \u00e9chantillons \u00ab\u00a0physiques\u00a0\u00bb avec leurs fiches produits respectives, mais il vous permet aussi d&rsquo;ajouter et partager des informations compl\u00e9mentaires comme vos notes personnelles, des retours d&rsquo;exp\u00e9rience, des d\u00e9tails de projets, des tarifs, des contacts et bien plus encore.<\/p>\n\n\n\n<p>De plus, l&rsquo;outil vous offre un acc\u00e8s \u00e0 une large s\u00e9lection de produits biosourc\u00e9s et \u00e0 faible empreinte carbone, permettant ainsi d&rsquo;am\u00e9liorer la performance \u00e9nerg\u00e9tique de vos projets. La Mat\u00e9riauth\u00e8que PRO rend le sourcing de vos mat\u00e9riaux plus simple que jamais.<\/p>\n<\/div><\/div>\n\n\n\n<div style=\"height:80px\" aria-hidden=\"true\" class=\"wp-block-spacer\"><\/div>\n\n\n\n<div class=\"wp-block-media-text alignwide has-media-on-the-right is-stacked-on-mobile is-style-full-width-image\"><div class=\"wp-block-media-text__content\">\n<h2 class=\"wp-block-heading has-medium-gray-color has-text-color\">Acc\u00e9dez \u00e0 des milliers de fiches produits \u00e0 jour<\/h2>\n\n\n\n<p>La Mat\u00e9riauth\u00e8que PRO est une base de donn\u00e9es personnalisable qui rassemble des milliers de fiches produits constamment mises \u00e0 jour, int\u00e9grant toutes les informations utiles et n\u00e9cessaires : caract\u00e9ristiques techniques ou environnementales, visuels, des avis techniques, des fichiers de mise en oeuvre ou d&rsquo;entretien, des fichiers BIM, des FDES, etc., fournies directement par les fabricants ou par des contributeurs professionnels.<\/p>\n<\/div><figure class=\"wp-block-media-text__media\"><img decoding=\"async\" width=\"710\" height=\"518\" src=\"https:\/\/www.materiaux.archi\/content\/wp-content\/uploads\/2023\/01\/fiches_produits.png\" alt=\"Fiches produits \u00e0 jour\" class=\"wp-image-247 size-full\" srcset=\"https:\/\/www.materiaux.archi\/content\/wp-content\/uploads\/2023\/01\/fiches_produits.png 710w, https:\/\/www.materiaux.archi\/content\/wp-content\/uploads\/2023\/01\/fiches_produits-300x219.png 300w\" sizes=\"(max-width: 710px) 100vw, 710px\" \/><\/figure><\/div>\n\n\n\n<div style=\"height:80px\" aria-hidden=\"true\" class=\"wp-block-spacer\"><\/div>\n\n\n\n<p class=\"has-text-align-center\"><strong>Collaboratif, simple, connect\u00e9, efficace&#8230;<\/strong><\/p>\n\n\n\n<h2 class=\"wp-block-heading has-text-align-center has-medium-gray-color has-text-color\">Toutes les fonctionnalit\u00e9s <br>de la Materiauth\u00e8que PRO<\/h2>\n\n\n\n<div style=\"height:40px\" aria-hidden=\"true\" class=\"wp-block-spacer\"><\/div>\n\n\n\n<div class=\"wp-block-media-text alignwide has-media-on-the-right is-stacked-on-mobile is-vertically-aligned-center is-style-full-width-image\"><div class=\"wp-block-media-text__content\">\n<div class=\"wp-block-columns is-layout-flex wp-container-core-columns-is-layout-9d6595d7 wp-block-columns-is-layout-flex\">\n<div class=\"wp-block-column is-layout-flow wp-block-column-is-layout-flow\">\n<figure class=\"wp-block-image size-full is-resized\"><img decoding=\"async\" width=\"110\" height=\"110\" src=\"https:\/\/www.materiaux.archi\/content\/wp-content\/uploads\/2023\/01\/icon_layers.png\" alt=\"\" class=\"wp-image-273\" style=\"width:83px;height:83px\"\/><\/figure>\n\n\n\n<h3 class=\"wp-block-heading has-medium-gray-color has-text-color\">Cr\u00e9ez et g\u00e9rez vos <br>listes de produits<\/h3>\n\n\n\n<p>Que ce soit pour votre mat\u00e9riauth\u00e8que ou pour chaque projet, cr\u00e9ez autant de listes que vous le d\u00e9sirez et partagez-les avec votre \u00e9quipe.<\/p>\n\n\n\n<div style=\"height:72px\" aria-hidden=\"true\" class=\"wp-block-spacer\"><\/div>\n\n\n\n<figure class=\"wp-block-image size-full is-resized\"><img loading=\"lazy\" decoding=\"async\" width=\"110\" height=\"110\" src=\"https:\/\/www.materiaux.archi\/content\/wp-content\/uploads\/2023\/01\/icon_camion.png\" alt=\"\" class=\"wp-image-271\" style=\"width:83px;height:83px\"\/><\/figure>\n\n\n\n<h3 class=\"wp-block-heading has-medium-gray-color has-text-color\">Commandez <br>vos \u00e9chantillons<\/h3>\n\n\n\n<p>Depuis n\u2019importe quelle fiche produit, commandez gratuitement vos \u00e9chantillons physiques.<\/p>\n<\/div>\n\n\n\n<div class=\"wp-block-column is-layout-flow wp-block-column-is-layout-flow\">\n<figure class=\"wp-block-image size-full is-resized\"><img loading=\"lazy\" decoding=\"async\" width=\"110\" height=\"110\" src=\"https:\/\/www.materiaux.archi\/content\/wp-content\/uploads\/2023\/01\/icon_share.png\" alt=\"\" class=\"wp-image-274\" style=\"width:83px;height:83px\"\/><\/figure>\n\n\n\n<h3 class=\"wp-block-heading has-medium-gray-color has-text-color\">Partagez vos s\u00e9lections de produits<\/h3>\n\n\n\n<p>Votre liste peut rester priv\u00e9e ou \u00eatre partag\u00e9e avec votre \u00e9quipe et m\u00eame avec vos clients et partenaires (sans acc\u00e8s \u00e0 vos informations priv\u00e9es : commentaires, prix,&#8230;).<\/p>\n\n\n\n<div style=\"height:9px\" aria-hidden=\"true\" class=\"wp-block-spacer\"><\/div>\n\n\n\n<figure class=\"wp-block-image size-full is-resized\"><img loading=\"lazy\" decoding=\"async\" width=\"110\" height=\"110\" src=\"https:\/\/www.materiaux.archi\/content\/wp-content\/uploads\/2023\/01\/icon_echantillons.png\" alt=\"\" class=\"wp-image-272\" style=\"width:83px;height:83px\"\/><\/figure>\n\n\n\n<h3 class=\"wp-block-heading has-medium-gray-color has-text-color\">Connectez vos \u00e9chantillons<\/h3>\n\n\n\n<p>gr\u00e2ce \u00e0 nos QRcodes pr\u00e9-programm\u00e9s, \u00e0 coller sur vos \u00e9chantillons pour permettre de lire toutes les informations associ\u00e9es.<\/p>\n\n\n\n<p class=\"has-medium-gray-color has-text-color\"><a href=\"#\">Comment ca marche ?<\/a><\/p>\n<\/div>\n<\/div>\n<\/div><figure class=\"wp-block-media-text__media\"><img loading=\"lazy\" decoding=\"async\" width=\"803\" height=\"578\" src=\"https:\/\/www.materiaux.archi\/content\/wp-content\/uploads\/2023\/01\/dashboard_app_archi_pro.png\" alt=\"La Mat\u00e9riauth\u00e8que PRO produits\" class=\"wp-image-266 size-full\" srcset=\"https:\/\/www.materiaux.archi\/content\/wp-content\/uploads\/2023\/01\/dashboard_app_archi_pro.png 803w, https:\/\/www.materiaux.archi\/content\/wp-content\/uploads\/2023\/01\/dashboard_app_archi_pro-300x216.png 300w, https:\/\/www.materiaux.archi\/content\/wp-content\/uploads\/2023\/01\/dashboard_app_archi_pro-768x553.png 768w\" sizes=\"(max-width: 803px) 100vw, 803px\" \/><\/figure><\/div>\n\n\n\n<div style=\"height:80px\" aria-hidden=\"true\" class=\"wp-block-spacer\"><\/div>\n\n\n\n<div class=\"wp-block-columns is-layout-flex wp-container-core-columns-is-layout-9d6595d7 wp-block-columns-is-layout-flex\">\n<div class=\"wp-block-column is-layout-flow wp-block-column-is-layout-flow\">\n<div class=\"wp-block-media-text alignwide is-stacked-on-mobile\"><figure class=\"wp-block-media-text__media\"><img loading=\"lazy\" decoding=\"async\" width=\"1024\" height=\"720\" src=\"https:\/\/3y9jeavoxu.preview.infomaniak.website\/wp-content\/uploads\/2023\/02\/4-1024x720.jpg\" alt=\"La Mat\u00e9riauth\u00e8que PRO sourcing\" class=\"wp-image-899 size-full\" srcset=\"https:\/\/www.materiaux.archi\/content\/wp-content\/uploads\/2023\/02\/4-1024x720.jpg 1024w, https:\/\/www.materiaux.archi\/content\/wp-content\/uploads\/2023\/02\/4-300x211.jpg 300w, https:\/\/www.materiaux.archi\/content\/wp-content\/uploads\/2023\/02\/4-768x540.jpg 768w, https:\/\/www.materiaux.archi\/content\/wp-content\/uploads\/2023\/02\/4.jpg 1200w\" sizes=\"(max-width: 1024px) 100vw, 1024px\" \/><\/figure><div class=\"wp-block-media-text__content\">\n<div class=\"wp-block-columns is-layout-flex wp-container-core-columns-is-layout-9d6595d7 wp-block-columns-is-layout-flex\">\n<div class=\"wp-block-column is-layout-flow wp-block-column-is-layout-flow\">\n<figure class=\"wp-block-image size-full is-resized\"><img loading=\"lazy\" decoding=\"async\" width=\"70\" height=\"68\" src=\"https:\/\/3y9jeavoxu.preview.infomaniak.website\/wp-content\/uploads\/2023\/02\/1.png\" alt=\"\" class=\"wp-image-895\" style=\"width:53px;height:51px\"\/><\/figure>\n\n\n\n<h3 class=\"wp-block-heading has-medium-gray-color has-text-color\">Commentez en \u00e9quipe<\/h3>\n\n\n\n<p>Un avis sur le produit&#8230; Un retour d&rsquo;exp\u00e9rience&#8230; Une astuce de mise en oeuvre&#8230; Partagez ces pr\u00e9cieuses informations avec toute votre agence. *<\/p>\n\n\n\n<p>* <em>Ces informations ne sont visibles que par les collaborateurs de votre agence.<\/em><\/p>\n\n\n\n<div style=\"height:100px\" aria-hidden=\"true\" class=\"wp-block-spacer\"><\/div>\n\n\n\n<figure class=\"wp-block-image size-full is-resized\"><img loading=\"lazy\" decoding=\"async\" width=\"70\" height=\"70\" src=\"https:\/\/www.materiaux.archi\/content\/wp-content\/uploads\/2023\/02\/3.png\" alt=\"\" class=\"wp-image-897\" style=\"width:53px;height:53px\"\/><\/figure>\n\n\n\n<h3 class=\"wp-block-heading has-medium-gray-color has-text-color\">Un site collaboratif<\/h3>\n\n\n\n<p>Materiaux.archi propose plus de 6000 fiches produits ! Et si vous ne trouvez pas votre bonheur, vous pouvez ajouter vos propres produits \u00e0 partir d\u2019un simple PDF ou depuis le site du fabricant. Nos \u00e9quipes se chargeront d&rsquo;enrichir la fiche ult\u00e9rieurement.<\/p>\n<\/div>\n\n\n\n<div class=\"wp-block-column is-layout-flow wp-block-column-is-layout-flow\">\n<figure class=\"wp-block-image size-full is-resized\"><img loading=\"lazy\" decoding=\"async\" width=\"70\" height=\"70\" src=\"https:\/\/www.materiaux.archi\/content\/wp-content\/uploads\/2023\/02\/2.png\" alt=\"\" class=\"wp-image-896\" style=\"width:53px;height:53px\"\/><\/figure>\n\n\n\n<h3 class=\"wp-block-heading has-medium-gray-color has-text-color\">Vos contacts \u00e0 port\u00e9e de main<\/h3>\n\n\n\n<p>Conservez et centralisez vos contacts fabricants ou fournisseurs directement dans votre Mat\u00e9riauth\u00e8que PRO. *<\/p>\n\n\n\n<p><em>* Ces informations ne sont visibles que par les collaborateurs de votre agence.<\/em><\/p>\n\n\n\n<div style=\"height:98px\" aria-hidden=\"true\" class=\"wp-block-spacer\"><\/div>\n\n\n\n<figure class=\"wp-block-image size-full is-resized\"><img loading=\"lazy\" decoding=\"async\" width=\"70\" height=\"69\" src=\"https:\/\/www.materiaux.archi\/content\/wp-content\/uploads\/2023\/02\/4.png\" alt=\"\" class=\"wp-image-898\" style=\"width:53px;height:52px\"\/><\/figure>\n\n\n\n<h3 class=\"wp-block-heading has-medium-gray-color has-text-color\">Accompagnement au sourcing<\/h3>\n\n\n\n<p>Possibilit\u00e9 d&rsquo;acc\u00e9der gratuitement \u00e0 des listes de produits cr\u00e9\u00e9es par Materiaux.archi(Biosourc\u00e9, bas carbone, RSE,&#8230;).<\/p>\n<\/div>\n<\/div>\n<\/div><\/div>\n<\/div>\n<\/div>\n\n\n\n<div style=\"height:100px\" aria-hidden=\"true\" class=\"wp-block-spacer\"><\/div>\n\n\n\n<div class=\"wp-block-cover is-light is-style-full-size-cover is-style-full-width-cover\" style=\"min-height:350px;aspect-ratio:unset;\"><span aria-hidden=\"true\" class=\"wp-block-cover__background has-light-gray-background-color has-background-dim-100 has-background-dim\"><\/span><div class=\"wp-block-cover__inner-container is-layout-flow wp-block-cover-is-layout-flow\">\n<div class=\"wp-block-columns are-vertically-aligned-center is-layout-flex wp-container-core-columns-is-layout-9d6595d7 wp-block-columns-is-layout-flex\">\n<div class=\"wp-block-column is-vertically-aligned-center is-layout-flow wp-block-column-is-layout-flow\">\n<p class=\"has-light-color has-text-color\">La Mat\u00e9riauth\u00e8que Pro<\/p>\n\n\n\n<h2 class=\"wp-block-heading has-text-align-left has-light-color has-text-color has-larger-font-size\">Transformez votre mani\u00e8re de g\u00e9rer les mat\u00e9riaux !<\/h2>\n\n\n\n<p class=\"has-light-color has-text-color\"><br><a href=\"https:\/\/www.materiaux.archi\/content\/vous-etes-fabricant-et-souhaitez-devenir-partenaire\/\">Vous \u00eates Fabricant ?<\/a><\/p>\n<\/div>\n\n\n\n<div class=\"wp-block-column is-vertically-aligned-center is-layout-flow wp-block-column-is-layout-flow\">\n<div class=\"wp-block-buttons is-content-justification-center is-layout-flex wp-container-core-buttons-is-layout-16018d1d wp-block-buttons-is-layout-flex\">\n<div class=\"wp-block-button\"><a class=\"wp-block-button__link has-light-background-color has-text-color has-background wp-element-button\" href=\"https:\/\/archimaterial-pro.youcanbook.me\/\" style=\"border-radius:0px;color:#767d82\" target=\"_blank\" rel=\"noreferrer noopener\">Demander une d\u00e9mo<\/a><\/div>\n<\/div>\n<\/div>\n<\/div>\n<\/div><\/div>\n\n\n\n<div style=\"height:100px\" aria-hidden=\"true\" class=\"wp-block-spacer\"><\/div>\n\n\n\n<h2 class=\"wp-block-heading has-text-align-center has-text-color\" style=\"color:#767d82\">Comment cela fonctionne<\/h2>\n\n\n\n<div class=\"wp-block-columns is-layout-flex wp-container-core-columns-is-layout-9d6595d7 wp-block-columns-is-layout-flex\">\n<div class=\"wp-block-column is-layout-flow wp-block-column-is-layout-flow\">\n<div class=\"wp-block-columns is-layout-flex wp-container-core-columns-is-layout-9d6595d7 wp-block-columns-is-layout-flex\">\n<div class=\"wp-block-column is-layout-flow wp-block-column-is-layout-flow\">\n<h2 class=\"wp-block-heading has-text-align-left has-medium-gray-color has-text-color\">1<\/h2>\n\n\n\n<h3 class=\"wp-block-heading has-medium-gray-color has-text-color\">Mise en route<\/h3>\n\n\n\n<p>L&rsquo;\u00e9quipe de la Mat\u00e9riauth\u00e8que PRO vous accompagne dans votre agence pour parcourir vos \u00e9chantillons favoris et les ajouter dans votre s\u00e9lection mat\u00e9riauth\u00e8que PRO, en collaboration avec le responsable mat\u00e9riauth\u00e8que.<\/p>\n<\/div>\n\n\n\n<div class=\"wp-block-column is-layout-flow wp-block-column-is-layout-flow\">\n<h2 class=\"wp-block-heading has-medium-gray-color has-text-color\">2<\/h2>\n\n\n\n<h3 class=\"wp-block-heading has-medium-gray-color has-text-color\">On connecte vos \u00e9chantillons<\/h3>\n\n\n\n<p>Cr\u00e9ez votre mat\u00e9riauth\u00e8que digitale tout en conservant vos \u00e9chantillons c&rsquo;est possible ! Vous pourrez m\u00eame les connecter aux fiches produits en ligne.<\/p>\n\n\n\n<p>Notre \u00e9quipe vous accompagne \u00e0 chaque \u00e9tape.<\/p>\n<\/div>\n<\/div>\n<\/div>\n\n\n\n<div class=\"wp-block-column is-layout-flow wp-block-column-is-layout-flow\">\n<div class=\"wp-block-columns is-layout-flex wp-container-core-columns-is-layout-9d6595d7 wp-block-columns-is-layout-flex\">\n<div class=\"wp-block-column is-layout-flow wp-block-column-is-layout-flow\">\n<h2 class=\"wp-block-heading has-medium-gray-color has-text-color\">3<\/h2>\n\n\n\n<h3 class=\"wp-block-heading has-medium-gray-color has-text-color\">Votre mat\u00e9riauth\u00e8que 2.0<\/h3>\n\n\n\n<p>Des commentaires, des retours d&rsquo;exp\u00e9rience, des prix ou le sourcing de nouveaux mat\u00e9riaux,&#8230; Autant de pr\u00e9cieuses informations que vous pouvez dor\u00e9navant saisir, partager et conserver dans votre Mat\u00e9riauth\u00e8que PRO.<\/p>\n<\/div>\n\n\n\n<div class=\"wp-block-column is-layout-flow wp-block-column-is-layout-flow\">\n<h2 class=\"wp-block-heading has-medium-gray-color has-text-color\">4<\/h2>\n\n\n\n<h3 class=\"wp-block-heading has-medium-gray-color has-text-color\">Collaborez &amp; partagez<\/h3>\n\n\n\n<p>Cr\u00e9ez vos s\u00e9lections de mat\u00e9riaux par projet, partagez avec vos collaborateurs ou clients.<\/p>\n\n\n\n<p>Fini la d\u00e9perdition d&rsquo;informations, place \u00e0 l&rsquo;intelligence collective !<\/p>\n<\/div>\n<\/div>\n<\/div>\n<\/div>\n\n\n\n<div style=\"height:100px\" aria-hidden=\"true\" class=\"wp-block-spacer\"><\/div>\n\n\n\n<div class=\"wp-block-cover is-light is-style-full-size-cover is-style-full-width-cover\" style=\"min-height:350px;aspect-ratio:unset;\"><span aria-hidden=\"true\" class=\"wp-block-cover__background has-light-gray-background-color has-background-dim-100 has-background-dim\"><\/span><div class=\"wp-block-cover__inner-container is-layout-flow wp-block-cover-is-layout-flow\">\n<div class=\"wp-block-columns are-vertically-aligned-center is-layout-flex wp-container-core-columns-is-layout-9d6595d7 wp-block-columns-is-layout-flex\">\n<div class=\"wp-block-column is-vertically-aligned-center is-layout-flow wp-block-column-is-layout-flow\">\n<p class=\"has-light-color has-text-color\">La Mat\u00e9riauth\u00e8que Pro<\/p>\n\n\n\n<h2 class=\"wp-block-heading has-text-align-left has-light-color has-text-color has-larger-font-size\">Vous souhaitez am\u00e9liorer la gestion de vos collections de mat\u00e9riaux ?<\/h2>\n\n\n\n<p class=\"has-light-color has-text-color\"><br><a href=\"https:\/\/www.materiaux.archi\/content\/vous-etes-fabricant-et-souhaitez-devenir-partenaire\/\">Vous \u00eates Fabricant ?<\/a><\/p>\n<\/div>\n\n\n\n<div class=\"wp-block-column is-vertically-aligned-center is-layout-flow wp-block-column-is-layout-flow\">\n<div class=\"wp-block-buttons is-content-justification-center is-layout-flex wp-container-core-buttons-is-layout-16018d1d wp-block-buttons-is-layout-flex\">\n<div class=\"wp-block-button\"><a class=\"wp-block-button__link has-light-background-color has-text-color has-background wp-element-button\" href=\"https:\/\/archimaterial-pro.youcanbook.me\/\" style=\"border-radius:0px;color:#767d82\" target=\"_blank\" rel=\"noreferrer noopener\">Fixer un rendez-vous<\/a><\/div>\n<\/div>\n<\/div>\n<\/div>\n<\/div><\/div>\n\n\n\n<div class=\"wp-block-columns is-layout-flex wp-container-core-columns-is-layout-9d6595d7 wp-block-columns-is-layout-flex\"><\/div>\n","protected":false},"excerpt":{"rendered":"<p>La Mat\u00e9riauth\u00e8que PRO &#8211; Un nouvel outil pour transformer votre fa\u00e7on de g\u00e9rer les mat\u00e9riaux La Mat\u00e9riauth\u00e8que PRO est un outil num\u00e9rique collaboratif con\u00e7u pour faciliter la gestion et le partage de vos collections de mat\u00e9riaux avec vos coll\u00e8gues et clients. Non seulement il simplifie l&rsquo;association de vos \u00e9chantillons \u00ab\u00a0physiques\u00a0\u00bb avec leurs fiches produits respectives, [&hellip;]<\/p>\n","protected":false},"author":6,"featured_media":0,"parent":0,"menu_order":0,"comment_status":"closed","ping_status":"closed","template":"","meta":{"footnotes":""},"class_list":["post-81","page","type-page","status-publish","hentry"],"acf":[],"_links":{"self":[{"href":"https:\/\/www.materiaux.archi\/content\/wp-json\/wp\/v2\/pages\/81","targetHints":{"allow":["GET"]}}],"collection":[{"href":"https:\/\/www.materiaux.archi\/content\/wp-json\/wp\/v2\/pages"}],"about":[{"href":"https:\/\/www.materiaux.archi\/content\/wp-json\/wp\/v2\/types\/page"}],"author":[{"embeddable":true,"href":"https:\/\/www.materiaux.archi\/content\/wp-json\/wp\/v2\/users\/6"}],"replies":[{"embeddable":true,"href":"https:\/\/www.materiaux.archi\/content\/wp-json\/wp\/v2\/comments?post=81"}],"version-history":[{"count":215,"href":"https:\/\/www.materiaux.archi\/content\/wp-json\/wp\/v2\/pages\/81\/revisions"}],"predecessor-version":[{"id":2441,"href":"https:\/\/www.materiaux.archi\/content\/wp-json\/wp\/v2\/pages\/81\/revisions\/2441"}],"wp:attachment":[{"href":"https:\/\/www.materiaux.archi\/content\/wp-json\/wp\/v2\/media?parent=81"}],"curies":[{"name":"wp","href":"https:\/\/api.w.org\/{rel}","templated":true}]}}