{"id":83,"date":"2023-01-26T10:35:19","date_gmt":"2023-01-26T09:35:19","guid":{"rendered":"https:\/\/3y9jeavoxu.preview.infomaniak.website\/?page_id=83"},"modified":"2025-09-09T18:07:01","modified_gmt":"2025-09-09T16:07:01","slug":"la-materiautheque-campus","status":"publish","type":"page","link":"https:\/\/www.materiaux.archi\/content\/la-materiautheque-campus\/","title":{"rendered":"Un outil p\u00e9dagogique qui valorise les mat\u00e9riaux dans les \u00e9coles d&rsquo;architecture et de design."},"content":{"rendered":"\n<div class=\"wp-block-buttons is-content-justification-center is-layout-flex wp-container-core-buttons-is-layout-16018d1d wp-block-buttons-is-layout-flex\">\n<div class=\"wp-block-button is-style-fill\"><a class=\"wp-block-button__link has-orange-background-color has-background has-large-font-size has-custom-font-size wp-element-button\" href=\"https:\/\/eventcampus.archi-material.net\/\" style=\"border-radius:0px\" target=\"_blank\" rel=\"noreferrer noopener\"><strong>R\u00c9SERVER UNE TABLE RONDE<\/strong><\/a><\/div>\n<\/div>\n\n\n\n<div style=\"height:70px\" aria-hidden=\"true\" class=\"wp-block-spacer\"><\/div>\n\n\n\n<div class=\"wp-block-columns alignwide is-style-default is-layout-flex wp-container-core-columns-is-layout-9d6595d7 wp-block-columns-is-layout-flex\">\n<div class=\"wp-block-column is-vertically-aligned-center is-layout-flow wp-block-column-is-layout-flow\" style=\"flex-basis:50%\">\n<h2 class=\"wp-block-heading has-orange-color has-text-color\">La Mat\u00e9riauth\u00e8que Campus<\/h2>\n\n\n\n<p>Les Mat\u00e9riauth\u00e8ques Campus sont compos\u00e9es de panneaux p\u00e9dagogiques muraux et d&rsquo;un totem th\u00e9matique valorisant des mat\u00e9riaux biosourc\u00e9s et recycl\u00e9s. Les panneaux pr\u00e9sentent des \u00e9chantillons de mati\u00e8re, et offrent l&rsquo;acc\u00e8s \u00e0 une base de donn\u00e9es en ligne et collaborative. Des tables rondes sont organis\u00e9es tout au long de l\u2019ann\u00e9e sur des th\u00e9matiques donn\u00e9es.<\/p>\n<\/div>\n\n\n\n<div class=\"wp-block-column is-vertically-aligned-center is-layout-flow wp-block-column-is-layout-flow\" style=\"flex-basis:50%\">\n<figure class=\"wp-block-embed is-type-video is-provider-youtube wp-block-embed-youtube wp-embed-aspect-16-9 wp-has-aspect-ratio\"><div class=\"wp-block-embed__wrapper\">\n<iframe title=\"Pr\u00e9sentation de la Mat\u00e9riauth\u00e8que Campus pour les \u00e9coles d\u2019architecture\" width=\"500\" height=\"281\" src=\"https:\/\/www.youtube.com\/embed\/p8S1H_OekoA?feature=oembed\" frameborder=\"0\" allow=\"accelerometer; autoplay; clipboard-write; encrypted-media; gyroscope; picture-in-picture; web-share\" referrerpolicy=\"strict-origin-when-cross-origin\" allowfullscreen><\/iframe>\n<\/div><\/figure>\n<\/div>\n<\/div>\n\n\n\n<div style=\"height:70px\" aria-hidden=\"true\" class=\"wp-block-spacer\"><\/div>\n\n\n\n<div class=\"wp-block-columns alignwide is-layout-flex wp-container-core-columns-is-layout-9d6595d7 wp-block-columns-is-layout-flex\">\n<div class=\"wp-block-column is-layout-flow wp-block-column-is-layout-flow\" style=\"flex-basis:35%\">\n<figure class=\"wp-block-image size-medium\"><img fetchpriority=\"high\" decoding=\"async\" width=\"300\" height=\"225\" src=\"https:\/\/www.materiaux.archi\/content\/wp-content\/uploads\/2025\/04\/YNOV-MONTPELLIER-JANV-2025-5-300x225.jpg\" alt=\"\" class=\"wp-image-2415\" srcset=\"https:\/\/www.materiaux.archi\/content\/wp-content\/uploads\/2025\/04\/YNOV-MONTPELLIER-JANV-2025-5-300x225.jpg 300w, https:\/\/www.materiaux.archi\/content\/wp-content\/uploads\/2025\/04\/YNOV-MONTPELLIER-JANV-2025-5-768x576.jpg 768w, https:\/\/www.materiaux.archi\/content\/wp-content\/uploads\/2025\/04\/YNOV-MONTPELLIER-JANV-2025-5.jpg 1200w\" sizes=\"(max-width: 300px) 100vw, 300px\" \/><\/figure>\n<\/div>\n\n\n\n<div class=\"wp-block-column is-vertically-aligned-center is-layout-flow wp-block-column-is-layout-flow\" style=\"flex-basis:50%\">\n<h2 class=\"wp-block-heading has-text-align-right has-orange-color has-text-color\">Le Mur des mat\u00e9riaux et solutions d&rsquo;architecture<\/h2>\n\n\n\n<p class=\"has-text-align-right\">Cet outil permet aux \u00e9tudiants des \u00e9coles d\u2019architecture, de design et techniques, de d\u00e9couvrir des mat\u00e9riaux, des produits, des solutions et des syst\u00e8mes class\u00e9s par type d\u2019application (enveloppe du b\u00e2timent, fa\u00e7ade, rev\u00eatements de sols, am\u00e9nagement et mobilier\u2026).<\/p>\n<\/div>\n<\/div>\n\n\n\n<div style=\"height:70px\" aria-hidden=\"true\" class=\"wp-block-spacer\"><\/div>\n\n\n\n<div class=\"wp-block-columns alignwide is-style-default is-layout-flex wp-container-core-columns-is-layout-9d6595d7 wp-block-columns-is-layout-flex\">\n<div class=\"wp-block-column is-vertically-aligned-center is-layout-flow wp-block-column-is-layout-flow\" style=\"flex-basis:50%\">\n<h2 class=\"wp-block-heading has-orange-color has-text-color\">100 \u00e9coles partenaires<\/h2>\n\n\n\n<p>Les Mat\u00e9riauth\u00e8ques Campus sont d\u00e9ploy\u00e9es dans 100 \u00e9coles d&rsquo;architecture, de design et techniques. Ces \u00e9coles partenaires sont en France, Belgique et Luxembourg.<\/p>\n<\/div>\n\n\n\n<div class=\"wp-block-column is-layout-flow wp-block-column-is-layout-flow\" style=\"flex-basis:50%\"><div class=\"wp-block-image\">\n<figure class=\"alignright size-full is-resized\"><img decoding=\"async\" width=\"1080\" height=\"1080\" src=\"https:\/\/www.materiaux.archi\/content\/wp-content\/uploads\/2024\/06\/Carte-Campus-Villes.png\" alt=\"\" class=\"wp-image-2074\" style=\"width:500px;height:480px\" srcset=\"https:\/\/www.materiaux.archi\/content\/wp-content\/uploads\/2024\/06\/Carte-Campus-Villes.png 1080w, https:\/\/www.materiaux.archi\/content\/wp-content\/uploads\/2024\/06\/Carte-Campus-Villes-300x300.png 300w, https:\/\/www.materiaux.archi\/content\/wp-content\/uploads\/2024\/06\/Carte-Campus-Villes-150x150.png 150w, https:\/\/www.materiaux.archi\/content\/wp-content\/uploads\/2024\/06\/Carte-Campus-Villes-768x768.png 768w\" sizes=\"(max-width: 1080px) 100vw, 1080px\" \/><\/figure>\n<\/div><\/div>\n<\/div>\n\n\n\n<div class=\"wp-block-columns alignwide is-layout-flex wp-container-core-columns-is-layout-9d6595d7 wp-block-columns-is-layout-flex\">\n<div class=\"wp-block-column is-layout-flow wp-block-column-is-layout-flow\" style=\"flex-basis:35%\">\n<figure class=\"wp-block-image size-full\"><img decoding=\"async\" width=\"500\" height=\"500\" src=\"https:\/\/www.materiaux.archi\/content\/wp-content\/uploads\/2023\/10\/LISAA-Strasbourg_10_11_22-500X500.jpg\" alt=\"\" class=\"wp-image-1493\" srcset=\"https:\/\/www.materiaux.archi\/content\/wp-content\/uploads\/2023\/10\/LISAA-Strasbourg_10_11_22-500X500.jpg 500w, https:\/\/www.materiaux.archi\/content\/wp-content\/uploads\/2023\/10\/LISAA-Strasbourg_10_11_22-500X500-300x300.jpg 300w, https:\/\/www.materiaux.archi\/content\/wp-content\/uploads\/2023\/10\/LISAA-Strasbourg_10_11_22-500X500-150x150.jpg 150w\" sizes=\"(max-width: 500px) 100vw, 500px\" \/><\/figure>\n<\/div>\n\n\n\n<div class=\"wp-block-column is-vertically-aligned-center is-layout-flow wp-block-column-is-layout-flow\" style=\"flex-basis:50%\">\n<h2 class=\"wp-block-heading has-text-align-right has-orange-color has-text-color\">Les Tables rondes<\/h2>\n\n\n\n<p class=\"has-text-align-right\">Des tables rondes sont organis\u00e9es tout au long de l\u2019ann\u00e9e, o\u00f9 interviennent les fabricants et artisans partenaires sur 23 th\u00e9matiques comme l\u2019accessibilit\u00e9, l\u2019acoustique, l\u2019am\u00e9nagement int\u00e9rieur, les mat\u00e9riaux biosourc\u00e9s, l\u2019isolation, etc.<\/p>\n<\/div>\n<\/div>\n\n\n\n<div class=\"wp-block-buttons is-content-justification-center is-layout-flex wp-container-core-buttons-is-layout-16018d1d wp-block-buttons-is-layout-flex\">\n<div class=\"wp-block-button is-style-fill\"><a class=\"wp-block-button__link has-orange-background-color has-background wp-element-button\" href=\"https:\/\/eventcampus.archi-material.net\/\" style=\"border-radius:0px\" target=\"_blank\" rel=\"noreferrer noopener\"><strong>R\u00c9SERVER UNE TABLE RONDE<\/strong><\/a><\/div>\n<\/div>\n\n\n\n<div style=\"height:50px\" aria-hidden=\"true\" class=\"wp-block-spacer\"><\/div>\n\n\n\n<h2 class=\"wp-block-heading has-text-align-center has-orange-color has-text-color\">Visites virtuelles<\/h2>\n\n\n\n<p class=\"has-text-align-center\">D\u00e9couvrez les Mat\u00e9riauth\u00e8ques Campus \u00e0 travers une exploration virtuelle<\/p>\n\n\n\n<div class=\"wp-block-columns is-layout-flex wp-container-core-columns-is-layout-9d6595d7 wp-block-columns-is-layout-flex\">\n<div class=\"wp-block-column is-layout-flow wp-block-column-is-layout-flow\">\n<iframe width=\"100%\" height=\"400\" src=\"https:\/\/my.matterport.com\/show\/?m=7UQT8DY5o8a\" frameborder=\"0\" allowfullscreen=\"\" allow=\"xr-spatial-tracking\"><\/iframe>\n\n\n\n<div style=\"height:15px\" aria-hidden=\"true\" class=\"wp-block-spacer\"><\/div>\n\n\n\n<iframe width=\"100%\" height=\"400\" src=\"https:\/\/my.matterport.com\/show\/?m=TUyvknzjhsr\" frameborder=\"0\" allowfullscreen=\"\" allow=\"xr-spatial-tracking\"><\/iframe>\n<\/div>\n\n\n\n<div class=\"wp-block-column is-layout-flow wp-block-column-is-layout-flow\">\n<iframe width=\"100%\" height=\"400\" src=\"https:\/\/my.matterport.com\/show\/?m=9CBdiZXqfwj\" frameborder=\"0\" allowfullscreen=\"\" allow=\"xr-spatial-tracking\"><\/iframe>\n\n\n\n<div style=\"height:15px\" aria-hidden=\"true\" class=\"wp-block-spacer\"><\/div>\n\n\n\n<iframe width=\"100%\" height=\"400\" src=\"https:\/\/my.matterport.com\/show\/?m=1GyqJ1f4Gaq\" frameborder=\"0\" allowfullscreen=\"\" allow=\"xr-spatial-tracking\"><\/iframe>\n<\/div>\n<\/div>\n\n\n\n<h3 class=\"wp-block-heading has-orange-color has-text-color\">D\u00e9couvertes Tactiles : Les Mat\u00e9riauth\u00e8ques Campus en images<\/h3>\n\n\n\n<figure class=\"wp-block-gallery has-nested-images columns-default is-cropped wp-block-gallery-1 is-layout-flex wp-block-gallery-is-layout-flex\">\n<figure class=\"wp-block-image size-full\"><img loading=\"lazy\" decoding=\"async\" width=\"1200\" height=\"898\" data-id=\"2416\" src=\"https:\/\/www.materiaux.archi\/content\/wp-content\/uploads\/2025\/04\/CREAD-AIX-JANV-2025-8.jpg\" alt=\"\" class=\"wp-image-2416\" srcset=\"https:\/\/www.materiaux.archi\/content\/wp-content\/uploads\/2025\/04\/CREAD-AIX-JANV-2025-8.jpg 1200w, https:\/\/www.materiaux.archi\/content\/wp-content\/uploads\/2025\/04\/CREAD-AIX-JANV-2025-8-300x225.jpg 300w, https:\/\/www.materiaux.archi\/content\/wp-content\/uploads\/2025\/04\/CREAD-AIX-JANV-2025-8-768x575.jpg 768w\" sizes=\"(max-width: 1200px) 100vw, 1200px\" \/><\/figure>\n\n\n\n<figure class=\"wp-block-image size-full\"><img loading=\"lazy\" decoding=\"async\" width=\"901\" height=\"1200\" data-id=\"2417\" src=\"https:\/\/www.materiaux.archi\/content\/wp-content\/uploads\/2025\/04\/CONDE-NANCY-JANV-2025-520.jpg\" alt=\"\" class=\"wp-image-2417\" srcset=\"https:\/\/www.materiaux.archi\/content\/wp-content\/uploads\/2025\/04\/CONDE-NANCY-JANV-2025-520.jpg 901w, https:\/\/www.materiaux.archi\/content\/wp-content\/uploads\/2025\/04\/CONDE-NANCY-JANV-2025-520-225x300.jpg 225w, https:\/\/www.materiaux.archi\/content\/wp-content\/uploads\/2025\/04\/CONDE-NANCY-JANV-2025-520-768x1023.jpg 768w\" sizes=\"(max-width: 901px) 100vw, 901px\" \/><\/figure>\n\n\n\n<figure class=\"wp-block-image size-full\"><img loading=\"lazy\" decoding=\"async\" width=\"902\" height=\"1200\" data-id=\"2418\" src=\"https:\/\/www.materiaux.archi\/content\/wp-content\/uploads\/2025\/04\/ENSA-MARSEILLES-JANV-2025-31.jpg\" alt=\"\" class=\"wp-image-2418\" srcset=\"https:\/\/www.materiaux.archi\/content\/wp-content\/uploads\/2025\/04\/ENSA-MARSEILLES-JANV-2025-31.jpg 902w, https:\/\/www.materiaux.archi\/content\/wp-content\/uploads\/2025\/04\/ENSA-MARSEILLES-JANV-2025-31-226x300.jpg 226w, https:\/\/www.materiaux.archi\/content\/wp-content\/uploads\/2025\/04\/ENSA-MARSEILLES-JANV-2025-31-768x1022.jpg 768w\" sizes=\"(max-width: 902px) 100vw, 902px\" \/><\/figure>\n\n\n\n<figure class=\"wp-block-image size-full\"><img loading=\"lazy\" decoding=\"async\" width=\"1200\" height=\"899\" data-id=\"2419\" src=\"https:\/\/www.materiaux.archi\/content\/wp-content\/uploads\/2025\/04\/ENSA-SAINT-ETIENNE-JANV-2025-6.jpg\" alt=\"\" class=\"wp-image-2419\" srcset=\"https:\/\/www.materiaux.archi\/content\/wp-content\/uploads\/2025\/04\/ENSA-SAINT-ETIENNE-JANV-2025-6.jpg 1200w, https:\/\/www.materiaux.archi\/content\/wp-content\/uploads\/2025\/04\/ENSA-SAINT-ETIENNE-JANV-2025-6-300x225.jpg 300w, https:\/\/www.materiaux.archi\/content\/wp-content\/uploads\/2025\/04\/ENSA-SAINT-ETIENNE-JANV-2025-6-768x575.jpg 768w\" sizes=\"(max-width: 1200px) 100vw, 1200px\" \/><\/figure>\n\n\n\n<figure class=\"wp-block-image size-full\"><img loading=\"lazy\" decoding=\"async\" width=\"898\" height=\"1200\" data-id=\"2420\" src=\"https:\/\/www.materiaux.archi\/content\/wp-content\/uploads\/2025\/04\/ENSA-TOULOUSE-JANV-2025-3.jpg\" alt=\"\" class=\"wp-image-2420\" srcset=\"https:\/\/www.materiaux.archi\/content\/wp-content\/uploads\/2025\/04\/ENSA-TOULOUSE-JANV-2025-3.jpg 898w, https:\/\/www.materiaux.archi\/content\/wp-content\/uploads\/2025\/04\/ENSA-TOULOUSE-JANV-2025-3-225x300.jpg 225w, https:\/\/www.materiaux.archi\/content\/wp-content\/uploads\/2025\/04\/ENSA-TOULOUSE-JANV-2025-3-768x1026.jpg 768w\" sizes=\"(max-width: 898px) 100vw, 898px\" \/><\/figure>\n\n\n\n<figure class=\"wp-block-image size-full\"><img loading=\"lazy\" decoding=\"async\" width=\"1200\" height=\"899\" data-id=\"2421\" src=\"https:\/\/www.materiaux.archi\/content\/wp-content\/uploads\/2025\/04\/ESAIL-LYON-JANV-2025-5.jpg\" alt=\"\" class=\"wp-image-2421\" srcset=\"https:\/\/www.materiaux.archi\/content\/wp-content\/uploads\/2025\/04\/ESAIL-LYON-JANV-2025-5.jpg 1200w, https:\/\/www.materiaux.archi\/content\/wp-content\/uploads\/2025\/04\/ESAIL-LYON-JANV-2025-5-300x225.jpg 300w, https:\/\/www.materiaux.archi\/content\/wp-content\/uploads\/2025\/04\/ESAIL-LYON-JANV-2025-5-768x575.jpg 768w\" sizes=\"(max-width: 1200px) 100vw, 1200px\" \/><\/figure>\n\n\n\n<figure class=\"wp-block-image size-full\"><img loading=\"lazy\" decoding=\"async\" width=\"1200\" height=\"899\" data-id=\"2422\" src=\"https:\/\/www.materiaux.archi\/content\/wp-content\/uploads\/2025\/04\/ESDAC-LYON-JANV-2025-16.jpg\" alt=\"\" class=\"wp-image-2422\" srcset=\"https:\/\/www.materiaux.archi\/content\/wp-content\/uploads\/2025\/04\/ESDAC-LYON-JANV-2025-16.jpg 1200w, https:\/\/www.materiaux.archi\/content\/wp-content\/uploads\/2025\/04\/ESDAC-LYON-JANV-2025-16-300x225.jpg 300w, https:\/\/www.materiaux.archi\/content\/wp-content\/uploads\/2025\/04\/ESDAC-LYON-JANV-2025-16-768x575.jpg 768w\" sizes=\"(max-width: 1200px) 100vw, 1200px\" \/><\/figure>\n\n\n\n<figure class=\"wp-block-image size-full\"><img loading=\"lazy\" decoding=\"async\" width=\"1200\" height=\"901\" data-id=\"2423\" src=\"https:\/\/www.materiaux.archi\/content\/wp-content\/uploads\/2025\/04\/YNOV-LYON-JANV-2025-5.jpg\" alt=\"\" class=\"wp-image-2423\" srcset=\"https:\/\/www.materiaux.archi\/content\/wp-content\/uploads\/2025\/04\/YNOV-LYON-JANV-2025-5.jpg 1200w, https:\/\/www.materiaux.archi\/content\/wp-content\/uploads\/2025\/04\/YNOV-LYON-JANV-2025-5-300x225.jpg 300w, https:\/\/www.materiaux.archi\/content\/wp-content\/uploads\/2025\/04\/YNOV-LYON-JANV-2025-5-768x577.jpg 768w\" sizes=\"(max-width: 1200px) 100vw, 1200px\" \/><\/figure>\n\n\n\n<figure class=\"wp-block-image size-full\"><img loading=\"lazy\" decoding=\"async\" width=\"901\" height=\"1200\" data-id=\"2424\" src=\"https:\/\/www.materiaux.archi\/content\/wp-content\/uploads\/2025\/04\/YNOV-TOULOUSE-JANV-2025-19.jpg\" alt=\"\" class=\"wp-image-2424\" srcset=\"https:\/\/www.materiaux.archi\/content\/wp-content\/uploads\/2025\/04\/YNOV-TOULOUSE-JANV-2025-19.jpg 901w, https:\/\/www.materiaux.archi\/content\/wp-content\/uploads\/2025\/04\/YNOV-TOULOUSE-JANV-2025-19-225x300.jpg 225w, https:\/\/www.materiaux.archi\/content\/wp-content\/uploads\/2025\/04\/YNOV-TOULOUSE-JANV-2025-19-768x1023.jpg 768w\" sizes=\"(max-width: 901px) 100vw, 901px\" \/><\/figure>\n\n\n\n<figure class=\"wp-block-image size-full\"><img loading=\"lazy\" decoding=\"async\" width=\"1200\" height=\"1200\" data-id=\"2425\" src=\"https:\/\/www.materiaux.archi\/content\/wp-content\/uploads\/2025\/04\/COMPAGNONS-MOUCHARD-JANV-2025-14.jpg\" alt=\"\" class=\"wp-image-2425\" srcset=\"https:\/\/www.materiaux.archi\/content\/wp-content\/uploads\/2025\/04\/COMPAGNONS-MOUCHARD-JANV-2025-14.jpg 1200w, https:\/\/www.materiaux.archi\/content\/wp-content\/uploads\/2025\/04\/COMPAGNONS-MOUCHARD-JANV-2025-14-300x300.jpg 300w, https:\/\/www.materiaux.archi\/content\/wp-content\/uploads\/2025\/04\/COMPAGNONS-MOUCHARD-JANV-2025-14-150x150.jpg 150w, https:\/\/www.materiaux.archi\/content\/wp-content\/uploads\/2025\/04\/COMPAGNONS-MOUCHARD-JANV-2025-14-768x768.jpg 768w\" sizes=\"(max-width: 1200px) 100vw, 1200px\" \/><\/figure>\n\n\n\n<figure class=\"wp-block-image size-full\"><img loading=\"lazy\" decoding=\"async\" width=\"1200\" height=\"899\" data-id=\"2426\" src=\"https:\/\/www.materiaux.archi\/content\/wp-content\/uploads\/2025\/04\/ESB-NANTES-JANV-2025-59.jpg\" alt=\"\" class=\"wp-image-2426\" srcset=\"https:\/\/www.materiaux.archi\/content\/wp-content\/uploads\/2025\/04\/ESB-NANTES-JANV-2025-59.jpg 1200w, https:\/\/www.materiaux.archi\/content\/wp-content\/uploads\/2025\/04\/ESB-NANTES-JANV-2025-59-300x225.jpg 300w, https:\/\/www.materiaux.archi\/content\/wp-content\/uploads\/2025\/04\/ESB-NANTES-JANV-2025-59-768x575.jpg 768w\" sizes=\"(max-width: 1200px) 100vw, 1200px\" \/><\/figure>\n\n\n\n<figure class=\"wp-block-image size-full\"><img loading=\"lazy\" decoding=\"async\" width=\"1200\" height=\"901\" data-id=\"2427\" src=\"https:\/\/www.materiaux.archi\/content\/wp-content\/uploads\/2025\/04\/YNOV-NICE-JANV-2025-14.jpg\" alt=\"\" class=\"wp-image-2427\" srcset=\"https:\/\/www.materiaux.archi\/content\/wp-content\/uploads\/2025\/04\/YNOV-NICE-JANV-2025-14.jpg 1200w, https:\/\/www.materiaux.archi\/content\/wp-content\/uploads\/2025\/04\/YNOV-NICE-JANV-2025-14-300x225.jpg 300w, https:\/\/www.materiaux.archi\/content\/wp-content\/uploads\/2025\/04\/YNOV-NICE-JANV-2025-14-768x577.jpg 768w\" sizes=\"(max-width: 1200px) 100vw, 1200px\" \/><\/figure>\n\n\n\n<figure class=\"wp-block-image size-full\"><img loading=\"lazy\" decoding=\"async\" width=\"1200\" height=\"899\" data-id=\"2428\" src=\"https:\/\/www.materiaux.archi\/content\/wp-content\/uploads\/2025\/04\/ENSA-BORDEAUX-JANV-2025-5.jpg\" alt=\"\" class=\"wp-image-2428\" srcset=\"https:\/\/www.materiaux.archi\/content\/wp-content\/uploads\/2025\/04\/ENSA-BORDEAUX-JANV-2025-5.jpg 1200w, https:\/\/www.materiaux.archi\/content\/wp-content\/uploads\/2025\/04\/ENSA-BORDEAUX-JANV-2025-5-300x225.jpg 300w, https:\/\/www.materiaux.archi\/content\/wp-content\/uploads\/2025\/04\/ENSA-BORDEAUX-JANV-2025-5-768x575.jpg 768w\" sizes=\"(max-width: 1200px) 100vw, 1200px\" \/><\/figure>\n\n\n\n<figure class=\"wp-block-image size-full\"><img loading=\"lazy\" decoding=\"async\" width=\"899\" height=\"1200\" data-id=\"2429\" src=\"https:\/\/www.materiaux.archi\/content\/wp-content\/uploads\/2025\/04\/IFAT-VANNES-JANV-2025-12.jpg\" alt=\"\" class=\"wp-image-2429\" srcset=\"https:\/\/www.materiaux.archi\/content\/wp-content\/uploads\/2025\/04\/IFAT-VANNES-JANV-2025-12.jpg 899w, https:\/\/www.materiaux.archi\/content\/wp-content\/uploads\/2025\/04\/IFAT-VANNES-JANV-2025-12-225x300.jpg 225w, https:\/\/www.materiaux.archi\/content\/wp-content\/uploads\/2025\/04\/IFAT-VANNES-JANV-2025-12-768x1025.jpg 768w\" sizes=\"(max-width: 899px) 100vw, 899px\" \/><\/figure>\n\n\n\n<figure class=\"wp-block-image size-full\"><img loading=\"lazy\" decoding=\"async\" width=\"1200\" height=\"900\" data-id=\"2430\" src=\"https:\/\/www.materiaux.archi\/content\/wp-content\/uploads\/2025\/04\/YNOV-BORDEAUX-JANV-2025-10.jpg\" alt=\"\" class=\"wp-image-2430\" srcset=\"https:\/\/www.materiaux.archi\/content\/wp-content\/uploads\/2025\/04\/YNOV-BORDEAUX-JANV-2025-10.jpg 1200w, https:\/\/www.materiaux.archi\/content\/wp-content\/uploads\/2025\/04\/YNOV-BORDEAUX-JANV-2025-10-300x225.jpg 300w, https:\/\/www.materiaux.archi\/content\/wp-content\/uploads\/2025\/04\/YNOV-BORDEAUX-JANV-2025-10-768x576.jpg 768w\" sizes=\"(max-width: 1200px) 100vw, 1200px\" \/><\/figure>\n<\/figure>\n\n\n\n<div class=\"wp-block-cover is-light is-style-full-width-cover\"><span aria-hidden=\"true\" class=\"wp-block-cover__background has-orange-background-color has-background-dim-100 has-background-dim\"><\/span><div class=\"wp-block-cover__inner-container is-layout-flow wp-block-cover-is-layout-flow\">\n<p class=\"has-text-align-center has-large-font-size\"><\/p>\n\n\n\n<div class=\"wp-block-columns is-layout-flex wp-container-core-columns-is-layout-9d6595d7 wp-block-columns-is-layout-flex\">\n<div class=\"wp-block-column is-layout-flow wp-block-column-is-layout-flow\">\n<h2 class=\"wp-block-heading has-light-color has-text-color\">Construisons ensemble votre Mat\u00e9riauth\u00e8que Campus<\/h2>\n\n\n\n<p class=\"has-light-color has-text-color\">Chaque mat\u00e9riauth\u00e8que est personnalis\u00e9e pour mettre en avant des mat\u00e9riaux, produits ou solutions qui correspondent aux besoins des \u00e9tudiants.<\/p>\n<\/div>\n\n\n\n<div class=\"wp-block-column is-vertically-aligned-center is-layout-flow wp-block-column-is-layout-flow\">\n<div class=\"wp-block-buttons is-content-justification-center is-layout-flex wp-container-core-buttons-is-layout-16018d1d wp-block-buttons-is-layout-flex\">\n<div class=\"wp-block-button\"><a class=\"wp-block-button__link has-orange-color has-light-background-color has-text-color has-background wp-element-button\" href=\"https:\/\/materiaux-archi-campus.youcanbook.me\/?SOURCE=SITEWEB\" style=\"border-radius:0px\" target=\"_blank\" rel=\"noreferrer noopener\">Prendre rendez-vous<\/a><\/div>\n<\/div>\n<\/div>\n<\/div>\n<\/div><\/div>\n\n\n\n<div style=\"height:70px\" aria-hidden=\"true\" class=\"wp-block-spacer\"><\/div>\n\n\n\n<div class=\"wp-block-columns is-layout-flex wp-container-core-columns-is-layout-9d6595d7 wp-block-columns-is-layout-flex\">\n<div class=\"wp-block-column is-layout-flow wp-block-column-is-layout-flow\">\n<h2 class=\"wp-block-heading has-orange-color has-text-color\">Des panneaux d\u2019\u00e9chantillons connect\u00e9s<\/h2>\n\n\n\n<p>La Mat\u00e9riauth\u00e8que Campus est compos\u00e9e de panneaux en bois pr\u00e9sentant des mat\u00e9riaux, des solutions ou des syst\u00e8mes. Les \u00e9tudiants peuvent ainsi approfondir leurs connaissances de la mati\u00e8re et interagir physiquement avec elle.<\/p>\n\n\n\n<p>Un QR code est pr\u00e9sent sur chaque panneau et permet d\u2019acc\u00e9der \u00e0 de la documentation compl\u00e9mentaire : galerie photo, vid\u00e9os de mise en \u0153uvre, caract\u00e9ristiques techniques, fichiers 3D, etc.<\/p>\n<\/div>\n\n\n\n<div class=\"wp-block-column is-vertically-aligned-center is-layout-flow wp-block-column-is-layout-flow\">\n<div class=\"wp-block-columns is-layout-flex wp-container-core-columns-is-layout-9d6595d7 wp-block-columns-is-layout-flex\">\n<div class=\"wp-block-column is-layout-flow wp-block-column-is-layout-flow\">\n<figure class=\"wp-block-image size-medium\"><a href=\"https:\/\/view.genially.com\/6798a6e05f016c3f5d734974\" target=\"_blank\" rel=\"noreferrer noopener\"><img loading=\"lazy\" decoding=\"async\" width=\"300\" height=\"300\" src=\"https:\/\/www.materiaux.archi\/content\/wp-content\/uploads\/2025\/04\/PYROLAVE-small-01-2025-300x300.png\" alt=\"\" class=\"wp-image-2404\" srcset=\"https:\/\/www.materiaux.archi\/content\/wp-content\/uploads\/2025\/04\/PYROLAVE-small-01-2025-300x300.png 300w, https:\/\/www.materiaux.archi\/content\/wp-content\/uploads\/2025\/04\/PYROLAVE-small-01-2025-150x150.png 150w, https:\/\/www.materiaux.archi\/content\/wp-content\/uploads\/2025\/04\/PYROLAVE-small-01-2025-768x768.png 768w, https:\/\/www.materiaux.archi\/content\/wp-content\/uploads\/2025\/04\/PYROLAVE-small-01-2025.png 1000w\" sizes=\"(max-width: 300px) 100vw, 300px\" \/><\/a><\/figure>\n<\/div>\n\n\n\n<div class=\"wp-block-column is-layout-flow wp-block-column-is-layout-flow\">\n<figure class=\"wp-block-image size-medium\"><a href=\"https:\/\/view.genially.com\/6798a6b66d73a7be5d2901de\" target=\"_blank\" rel=\"noreferrer noopener\"><img loading=\"lazy\" decoding=\"async\" width=\"300\" height=\"300\" src=\"https:\/\/www.materiaux.archi\/content\/wp-content\/uploads\/2025\/04\/RHEINZINK-small-01-2025-300x300.png\" alt=\"\" class=\"wp-image-2405\" srcset=\"https:\/\/www.materiaux.archi\/content\/wp-content\/uploads\/2025\/04\/RHEINZINK-small-01-2025-300x300.png 300w, https:\/\/www.materiaux.archi\/content\/wp-content\/uploads\/2025\/04\/RHEINZINK-small-01-2025-150x150.png 150w, https:\/\/www.materiaux.archi\/content\/wp-content\/uploads\/2025\/04\/RHEINZINK-small-01-2025-768x768.png 768w, https:\/\/www.materiaux.archi\/content\/wp-content\/uploads\/2025\/04\/RHEINZINK-small-01-2025.png 1000w\" sizes=\"(max-width: 300px) 100vw, 300px\" \/><\/a><\/figure>\n<\/div>\n\n\n\n<div class=\"wp-block-column is-layout-flow wp-block-column-is-layout-flow\">\n<figure class=\"wp-block-image size-medium\"><a href=\"https:\/\/view.genially.com\/672e29c47a8d6e071737af3d\" target=\"_blank\" rel=\"noreferrer noopener\"><img loading=\"lazy\" decoding=\"async\" width=\"300\" height=\"300\" src=\"https:\/\/www.materiaux.archi\/content\/wp-content\/uploads\/2025\/04\/SETP-small-01-2025-300x300.png\" alt=\"\" class=\"wp-image-2406\" srcset=\"https:\/\/www.materiaux.archi\/content\/wp-content\/uploads\/2025\/04\/SETP-small-01-2025-300x300.png 300w, https:\/\/www.materiaux.archi\/content\/wp-content\/uploads\/2025\/04\/SETP-small-01-2025-150x150.png 150w, https:\/\/www.materiaux.archi\/content\/wp-content\/uploads\/2025\/04\/SETP-small-01-2025-768x768.png 768w, https:\/\/www.materiaux.archi\/content\/wp-content\/uploads\/2025\/04\/SETP-small-01-2025.png 1000w\" sizes=\"(max-width: 300px) 100vw, 300px\" \/><\/a><\/figure>\n<\/div>\n<\/div>\n\n\n\n<div class=\"wp-block-columns is-layout-flex wp-container-core-columns-is-layout-9d6595d7 wp-block-columns-is-layout-flex\">\n<div class=\"wp-block-column is-layout-flow wp-block-column-is-layout-flow\">\n<figure class=\"wp-block-image size-medium\"><a href=\"https:\/\/view.genially.com\/6798a6ef8ce8ab4983aed241\" target=\"_blank\" rel=\"noreferrer noopener\"><img loading=\"lazy\" decoding=\"async\" width=\"300\" height=\"300\" src=\"https:\/\/www.materiaux.archi\/content\/wp-content\/uploads\/2025\/04\/DURLUMEN-small-01-2025-300x300.png\" alt=\"\" class=\"wp-image-2407\" srcset=\"https:\/\/www.materiaux.archi\/content\/wp-content\/uploads\/2025\/04\/DURLUMEN-small-01-2025-300x300.png 300w, https:\/\/www.materiaux.archi\/content\/wp-content\/uploads\/2025\/04\/DURLUMEN-small-01-2025-150x150.png 150w, https:\/\/www.materiaux.archi\/content\/wp-content\/uploads\/2025\/04\/DURLUMEN-small-01-2025-768x768.png 768w, https:\/\/www.materiaux.archi\/content\/wp-content\/uploads\/2025\/04\/DURLUMEN-small-01-2025.png 1000w\" sizes=\"(max-width: 300px) 100vw, 300px\" \/><\/a><\/figure>\n<\/div>\n\n\n\n<div class=\"wp-block-column is-layout-flow wp-block-column-is-layout-flow\">\n<figure class=\"wp-block-image size-medium\"><a href=\"https:\/\/view.genially.com\/6798a6e869051368adb47929\" target=\"_blank\" rel=\"noreferrer noopener\"><img loading=\"lazy\" decoding=\"async\" width=\"300\" height=\"300\" src=\"https:\/\/www.materiaux.archi\/content\/wp-content\/uploads\/2025\/04\/KNAUF-small-01-2025-copie-300x300.png\" alt=\"\" class=\"wp-image-2408\" srcset=\"https:\/\/www.materiaux.archi\/content\/wp-content\/uploads\/2025\/04\/KNAUF-small-01-2025-copie-300x300.png 300w, https:\/\/www.materiaux.archi\/content\/wp-content\/uploads\/2025\/04\/KNAUF-small-01-2025-copie-150x150.png 150w, https:\/\/www.materiaux.archi\/content\/wp-content\/uploads\/2025\/04\/KNAUF-small-01-2025-copie-768x768.png 768w, https:\/\/www.materiaux.archi\/content\/wp-content\/uploads\/2025\/04\/KNAUF-small-01-2025-copie.png 1000w\" sizes=\"(max-width: 300px) 100vw, 300px\" \/><\/a><\/figure>\n<\/div>\n\n\n\n<div class=\"wp-block-column is-layout-flow wp-block-column-is-layout-flow\">\n<figure class=\"wp-block-image size-medium\"><img loading=\"lazy\" decoding=\"async\" width=\"300\" height=\"300\" src=\"https:\/\/www.materiaux.archi\/content\/wp-content\/uploads\/2025\/04\/ORAC-small-01-2025-300x300.png\" alt=\"\" class=\"wp-image-2409\" srcset=\"https:\/\/www.materiaux.archi\/content\/wp-content\/uploads\/2025\/04\/ORAC-small-01-2025-300x300.png 300w, https:\/\/www.materiaux.archi\/content\/wp-content\/uploads\/2025\/04\/ORAC-small-01-2025-150x150.png 150w, https:\/\/www.materiaux.archi\/content\/wp-content\/uploads\/2025\/04\/ORAC-small-01-2025-768x768.png 768w, https:\/\/www.materiaux.archi\/content\/wp-content\/uploads\/2025\/04\/ORAC-small-01-2025.png 1000w\" sizes=\"(max-width: 300px) 100vw, 300px\" \/><\/figure>\n<\/div>\n<\/div>\n<\/div>\n<\/div>\n\n\n\n<div style=\"height:70px\" aria-hidden=\"true\" class=\"wp-block-spacer\"><\/div>\n\n\n\n<div class=\"wp-block-columns is-layout-flex wp-container-core-columns-is-layout-9d6595d7 wp-block-columns-is-layout-flex\">\n<div class=\"wp-block-column is-layout-flow wp-block-column-is-layout-flow\">\n<figure class=\"wp-block-image size-full is-resized\"><img loading=\"lazy\" decoding=\"async\" width=\"899\" height=\"1200\" src=\"https:\/\/www.materiaux.archi\/content\/wp-content\/uploads\/2025\/04\/CREAD-LYON-JANV-2025-9.jpg\" alt=\"\" class=\"wp-image-2412\" style=\"width:361px;height:auto\" srcset=\"https:\/\/www.materiaux.archi\/content\/wp-content\/uploads\/2025\/04\/CREAD-LYON-JANV-2025-9.jpg 899w, https:\/\/www.materiaux.archi\/content\/wp-content\/uploads\/2025\/04\/CREAD-LYON-JANV-2025-9-225x300.jpg 225w, https:\/\/www.materiaux.archi\/content\/wp-content\/uploads\/2025\/04\/CREAD-LYON-JANV-2025-9-768x1025.jpg 768w\" sizes=\"(max-width: 899px) 100vw, 899px\" \/><\/figure>\n<\/div>\n\n\n\n<div class=\"wp-block-column is-layout-flow wp-block-column-is-layout-flow\">\n<h2 class=\"wp-block-heading has-text-align-right has-orange-color has-text-color\">Un Totem th\u00e9matique de mat\u00e9riaux biosourc\u00e9s<\/h2>\n\n\n\n<p class=\"has-text-align-right\">Le Totem th\u00e9matique de la Mat\u00e9riauth\u00e8que Campus permet aux \u00e9tudiants d\u2019avoir un regard sur les derniers mat\u00e9riaux biosourc\u00e9s et recycl\u00e9s et d\u2019int\u00e9grer ainsi la notion d\u2019\u00e9co-responsabilit\u00e9, d\u2019appr\u00e9hender les mati\u00e8res naturelles et de prendre connaissance des produits les plus innovants en mati\u00e8re d\u2019\u00e9co-conception.<\/p>\n<\/div>\n<\/div>\n\n\n\n<div style=\"height:70px\" aria-hidden=\"true\" class=\"wp-block-spacer\"><\/div>\n\n\n\n<div class=\"wp-block-columns is-layout-flex wp-container-core-columns-is-layout-9d6595d7 wp-block-columns-is-layout-flex\">\n<div class=\"wp-block-column is-layout-flow wp-block-column-is-layout-flow\">\n<h2 class=\"wp-block-heading has-orange-color has-text-color\">Des donn\u00e9es environnementales <\/h2>\n\n\n\n<p>Ce nouveau macaron permet d\u2019identifier l\u2019impact environnemental d\u2019un mat\u00e9riau d\u2019apr\u00e8s l\u2019analyse de son cycle de vie, ainsi que sa durabilit\u00e9 et sa composition (% de biosourc\u00e9 et le % de recycl\u00e9). <br>Ces informations sont fournies \u00e0 titre indicatif pour permettre une premi\u00e8re approche rapide sur les donn\u00e9es environnementales du mat\u00e9riau.<\/p>\n\n\n\n<p>Diff\u00e9rents crit\u00e8res sont mis en avant :<br>&#8211; La sobri\u00e9t\u00e9 carbone<br>&#8211; La qualit\u00e9 de l\u2019air int\u00e9rieur<br>&#8211; Le % de produit recycl\u00e9 contenu<br>&#8211; Le % de recyclabilit\u00e9<br>&#8211; le % de mat\u00e9riau biosourc\u00e9 contenu<br>&#8211; la dur\u00e9e de vie de r\u00e9f\u00e9rence<\/p>\n<\/div>\n\n\n\n<div class=\"wp-block-column is-layout-flow wp-block-column-is-layout-flow\">\n<figure class=\"wp-block-image size-full is-resized\"><img loading=\"lazy\" decoding=\"async\" width=\"500\" height=\"482\" src=\"https:\/\/www.materiaux.archi\/content\/wp-content\/uploads\/2024\/07\/84412_779056.webp\" alt=\"\" class=\"wp-image-2117\" style=\"width:400px;height:393px\" srcset=\"https:\/\/www.materiaux.archi\/content\/wp-content\/uploads\/2024\/07\/84412_779056.webp 500w, https:\/\/www.materiaux.archi\/content\/wp-content\/uploads\/2024\/07\/84412_779056-300x289.webp 300w\" sizes=\"(max-width: 500px) 100vw, 500px\" \/><\/figure>\n<\/div>\n<\/div>\n\n\n\n<div class=\"wp-block-cover is-light is-style-full-size-cover is-style-full-width-cover\" style=\"min-height:350px;aspect-ratio:unset;\"><span aria-hidden=\"true\" class=\"wp-block-cover__background has-orange-background-color has-background-dim-100 has-background-dim\"><\/span><div class=\"wp-block-cover__inner-container is-layout-flow wp-block-cover-is-layout-flow\">\n<div class=\"wp-block-columns are-vertically-aligned-center is-layout-flex wp-container-core-columns-is-layout-9d6595d7 wp-block-columns-is-layout-flex\">\n<div class=\"wp-block-column is-vertically-aligned-center is-layout-flow wp-block-column-is-layout-flow\">\n<h2 class=\"wp-block-heading has-light-color has-text-color\">Les tables rondes<\/h2>\n\n\n\n<p class=\"has-text-align-left has-light-color has-text-color has-large-font-size\">Choisissez parmi nos 23 th\u00e9matiques ou cr\u00e9ez une th\u00e9matique sur-mesure, l&rsquo;\u00e9quipe de la Mat\u00e9riauth\u00e8que Campus s&rsquo;occupe du reste !<\/p>\n<\/div>\n\n\n\n<div class=\"wp-block-column is-vertically-aligned-center is-layout-flow wp-block-column-is-layout-flow\">\n<div class=\"wp-block-buttons is-content-justification-center is-layout-flex wp-container-core-buttons-is-layout-16018d1d wp-block-buttons-is-layout-flex\">\n<div class=\"wp-block-button\"><a class=\"wp-block-button__link has-orange-color has-light-background-color has-text-color has-background wp-element-button\" href=\"https:\/\/eventcampus.archi-material.net\/\" style=\"border-radius:0px\" target=\"_blank\" rel=\"noreferrer noopener\"><strong>R\u00e9server une table ronde<\/strong><\/a><\/div>\n<\/div>\n<\/div>\n<\/div>\n<\/div><\/div>\n\n\n\n<div style=\"height:70px\" aria-hidden=\"true\" class=\"wp-block-spacer\"><\/div>\n\n\n\n<div class=\"wp-block-columns is-layout-flex wp-container-core-columns-is-layout-9d6595d7 wp-block-columns-is-layout-flex\">\n<div class=\"wp-block-column is-vertically-aligned-center is-layout-flow wp-block-column-is-layout-flow\" style=\"flex-basis:50%\">\n<h2 class=\"wp-block-heading has-orange-color has-text-color\">Des conf\u00e9rences th\u00e9matiques<\/h2>\n\n\n\n<p>Acc\u00e9dez \u00e0 un panel de conf\u00e9rences et tables rondes th\u00e9matiques qui sont organis\u00e9es gratuitement, au sein de votre \u00e9tablissement. Ces tables rondes ont vocation \u00e0 faire conna\u00eetre les mat\u00e9riaux aux \u00e9tudiants et d&rsquo;alimenter leurs r\u00e9flexions en pr\u00e9sentant des proc\u00e9d\u00e9s de fabrication, de recyclage et de mise en \u0153uvre.<\/p>\n<\/div>\n\n\n\n<div class=\"wp-block-column is-vertically-aligned-center is-layout-flow wp-block-column-is-layout-flow\" style=\"flex-basis:50%\">\n<div class=\"wp-block-columns is-layout-flex wp-container-core-columns-is-layout-9d6595d7 wp-block-columns-is-layout-flex\">\n<div class=\"wp-block-column is-vertically-aligned-center is-layout-flow wp-block-column-is-layout-flow\"><div class=\"wp-block-image\">\n<figure class=\"alignright size-medium is-resized\"><img loading=\"lazy\" decoding=\"async\" width=\"300\" height=\"200\" src=\"https:\/\/www.materiaux.archi\/content\/wp-content\/uploads\/2025\/04\/903173_817621-1-300x200.webp\" alt=\"\" class=\"wp-image-2435\" style=\"width:355px;height:auto\" srcset=\"https:\/\/www.materiaux.archi\/content\/wp-content\/uploads\/2025\/04\/903173_817621-1-300x200.webp 300w, https:\/\/www.materiaux.archi\/content\/wp-content\/uploads\/2025\/04\/903173_817621-1-768x512.webp 768w, https:\/\/www.materiaux.archi\/content\/wp-content\/uploads\/2025\/04\/903173_817621-1.webp 1000w\" sizes=\"(max-width: 300px) 100vw, 300px\" \/><\/figure>\n<\/div><\/div>\n<\/div>\n<\/div>\n<\/div>\n\n\n\n<div class=\"wp-block-columns is-layout-flex wp-container-core-columns-is-layout-9d6595d7 wp-block-columns-is-layout-flex\">\n<div class=\"wp-block-column is-vertically-aligned-center is-layout-flow wp-block-column-is-layout-flow\" style=\"flex-basis:50%\">\n<div class=\"wp-block-columns is-layout-flex wp-container-core-columns-is-layout-9d6595d7 wp-block-columns-is-layout-flex\">\n<div class=\"wp-block-column is-layout-flow wp-block-column-is-layout-flow\">\n<div class=\"wp-block-columns is-layout-flex wp-container-core-columns-is-layout-9d6595d7 wp-block-columns-is-layout-flex\">\n<div class=\"wp-block-column is-layout-flow wp-block-column-is-layout-flow\">\n<figure class=\"wp-block-image size-medium is-resized\"><img loading=\"lazy\" decoding=\"async\" width=\"225\" height=\"300\" src=\"https:\/\/www.materiaux.archi\/content\/wp-content\/uploads\/2025\/04\/75680_180340-225x300.webp\" alt=\"\" class=\"wp-image-2436\" style=\"width:326px;height:auto\" srcset=\"https:\/\/www.materiaux.archi\/content\/wp-content\/uploads\/2025\/04\/75680_180340-225x300.webp 225w, https:\/\/www.materiaux.archi\/content\/wp-content\/uploads\/2025\/04\/75680_180340-1200x1600.webp 1200w, https:\/\/www.materiaux.archi\/content\/wp-content\/uploads\/2025\/04\/75680_180340-768x1024.webp 768w, https:\/\/www.materiaux.archi\/content\/wp-content\/uploads\/2025\/04\/75680_180340-1152x1536.webp 1152w, https:\/\/www.materiaux.archi\/content\/wp-content\/uploads\/2025\/04\/75680_180340.webp 1512w\" sizes=\"(max-width: 225px) 100vw, 225px\" \/><\/figure>\n<\/div>\n<\/div>\n<\/div>\n<\/div>\n<\/div>\n\n\n\n<div class=\"wp-block-column is-vertically-aligned-center is-layout-flow wp-block-column-is-layout-flow\" style=\"flex-basis:50%\">\n<h2 class=\"wp-block-heading has-text-align-right has-orange-color has-text-color\">Une organisation en toute simplicit\u00e9<\/h2>\n\n\n\n<p class=\"has-text-align-right\">Une table ronde, c\u2019est choisir une conf\u00e9rence parmi 23 th\u00e9matiques comme l\u2019accessibilit\u00e9, l\u2019acoustique, l\u2019am\u00e9nagement int\u00e9rieur, les mat\u00e9riaux biosourc\u00e9s, l\u2019isolation, etc.. Une th\u00e9matique sur mesure est \u00e9galement disponible.<br>L\u2019enseignant choisit ensuite la date de la table ronde ainsi que la dur\u00e9e. L&rsquo;\u00e9quipe de la Mat\u00e9riauth\u00e8que Campus se charge de contacter les intervenants les plus pertinents pour participer \u00e0 la table ronde et r\u00e9pondre aux attentes.<\/p>\n\n\n\n<p class=\"has-text-align-right\">Chaque intervention est r\u00e9alis\u00e9e de mani\u00e8re p\u00e9dagogique afin d\u2019expliquer le mat\u00e9riau ou la solution ainsi que son proc\u00e9d\u00e9 de fabrication et de mise en \u0153uvre.<\/p>\n<\/div>\n<\/div>\n\n\n\n<div class=\"wp-block-buttons has-custom-font-size has-large-font-size is-content-justification-center is-layout-flex wp-container-core-buttons-is-layout-16018d1d wp-block-buttons-is-layout-flex\">\n<div class=\"wp-block-button\"><a class=\"wp-block-button__link has-orange-background-color has-background has-regular-font-size has-custom-font-size wp-element-button\" href=\"https:\/\/materiaux-archi-campus.youcanbook.me\/?SOURCE=SITEWEB\" style=\"border-radius:0px\" target=\"_blank\" rel=\"noreferrer noopener\"><strong>Des questions sur les tables rondes ? <\/strong><\/a><\/div>\n<\/div>\n\n\n\n<div style=\"height:70px\" aria-hidden=\"true\" class=\"wp-block-spacer\"><\/div>\n\n\n\n<div class=\"wp-block-cover is-light is-style-full-size-cover is-style-full-width-cover\" style=\"min-height:350px;aspect-ratio:unset;\"><span aria-hidden=\"true\" class=\"wp-block-cover__background has-orange-background-color has-background-dim-100 has-background-dim\"><\/span><div class=\"wp-block-cover__inner-container is-layout-flow wp-block-cover-is-layout-flow\">\n<div class=\"wp-block-columns are-vertically-aligned-center is-layout-flex wp-container-core-columns-is-layout-9d6595d7 wp-block-columns-is-layout-flex\">\n<div class=\"wp-block-column is-vertically-aligned-center is-layout-flow wp-block-column-is-layout-flow\">\n<h2 class=\"wp-block-heading has-light-color has-text-color\">Les visites d&rsquo;usines<\/h2>\n\n\n\n<p class=\"has-text-align-left has-light-color has-text-color has-large-font-size\">Quoi de mieux pour d\u00e9couvrir la mati\u00e8re que de se rendre l\u00e0 o\u00f9 elle est fabriqu\u00e9e !<\/p>\n<\/div>\n\n\n\n<div class=\"wp-block-column is-vertically-aligned-center is-layout-flow wp-block-column-is-layout-flow\">\n<div class=\"wp-block-buttons is-content-justification-center is-layout-flex wp-container-core-buttons-is-layout-16018d1d wp-block-buttons-is-layout-flex\">\n<div class=\"wp-block-button\"><a class=\"wp-block-button__link has-orange-color has-light-background-color has-text-color has-background wp-element-button\" href=\"https:\/\/visitedusine.youcanbook.me\/?SOURCE=SITEWEB\" style=\"border-radius:0px\" target=\"_blank\" rel=\"noreferrer noopener\"><strong>R\u00e9server une visite d&rsquo;usine<\/strong><\/a><\/div>\n<\/div>\n<\/div>\n<\/div>\n<\/div><\/div>\n\n\n\n<div style=\"height:70px\" aria-hidden=\"true\" class=\"wp-block-spacer\"><\/div>\n\n\n\n<div class=\"wp-block-columns is-layout-flex wp-container-core-columns-is-layout-9d6595d7 wp-block-columns-is-layout-flex\">\n<div class=\"wp-block-column is-vertically-aligned-center is-layout-flow wp-block-column-is-layout-flow\" style=\"flex-basis:50%\">\n<h2 class=\"wp-block-heading has-orange-color has-text-color\">Visites d&rsquo;Usine : Voyage au C\u0153ur de la Cr\u00e9ation des Mat\u00e9riaux<\/h2>\n\n\n\n<p>Gr\u00e2ce \u00e0 notre syst\u00e8me de r\u00e9servation, planifiez une visite d&rsquo;usine afin d&rsquo;explorer en profondeur le processus de fabrication d&rsquo;un mat\u00e9riau.<br><br>Chaque visite est soigneusement organis\u00e9e pour r\u00e9pondre \u00e0 vos besoins, que ce soit pour une demi-journ\u00e9e ou une journ\u00e9e enti\u00e8re, en fonction de vos pr\u00e9f\u00e9rences.<br><br>Pour planifier cet \u00e9v\u00e9nement, vous n&rsquo;avez qu&rsquo;\u00e0 choisir une date et pr\u00e9ciser la distance maximale depuis votre \u00e9cole. Nous nous chargeons ensuite de vous sugg\u00e9rer les sites \u00e0 explorer.<\/p>\n<\/div>\n\n\n\n<div class=\"wp-block-column is-vertically-aligned-center is-layout-flow wp-block-column-is-layout-flow\" style=\"flex-basis:30%\">\n<div class=\"wp-block-columns is-layout-flex wp-container-core-columns-is-layout-9d6595d7 wp-block-columns-is-layout-flex\">\n<div class=\"wp-block-column is-layout-flow wp-block-column-is-layout-flow\" style=\"flex-basis:100%\">\n<figure class=\"wp-block-gallery aligncenter has-nested-images columns-default is-cropped wp-block-gallery-2 is-layout-flex wp-block-gallery-is-layout-flex\">\n<figure class=\"wp-block-image size-full\"><img loading=\"lazy\" decoding=\"async\" width=\"640\" height=\"480\" data-id=\"1486\" src=\"https:\/\/www.materiaux.archi\/content\/wp-content\/uploads\/2023\/10\/visite-dusine.webp\" alt=\"\" class=\"wp-image-1486\" srcset=\"https:\/\/www.materiaux.archi\/content\/wp-content\/uploads\/2023\/10\/visite-dusine.webp 640w, https:\/\/www.materiaux.archi\/content\/wp-content\/uploads\/2023\/10\/visite-dusine-300x225.webp 300w\" sizes=\"(max-width: 640px) 100vw, 640px\" \/><\/figure>\n\n\n\n<figure class=\"wp-block-image size-full\"><img loading=\"lazy\" decoding=\"async\" width=\"225\" height=\"300\" data-id=\"1489\" src=\"https:\/\/www.materiaux.archi\/content\/wp-content\/uploads\/2023\/10\/IMG_1941-web.jpg\" alt=\"\" class=\"wp-image-1489\"\/><\/figure>\n\n\n\n<figure class=\"wp-block-image size-full\"><img loading=\"lazy\" decoding=\"async\" width=\"225\" height=\"300\" data-id=\"1487\" src=\"https:\/\/www.materiaux.archi\/content\/wp-content\/uploads\/2023\/10\/IMG_0678-web.jpg\" alt=\"\" class=\"wp-image-1487\"\/><\/figure>\n\n\n\n<figure class=\"wp-block-image size-full\"><img loading=\"lazy\" decoding=\"async\" width=\"600\" height=\"400\" data-id=\"1488\" src=\"https:\/\/www.materiaux.archi\/content\/wp-content\/uploads\/2023\/10\/IMG_5941-web.jpg\" alt=\"\" class=\"wp-image-1488\" srcset=\"https:\/\/www.materiaux.archi\/content\/wp-content\/uploads\/2023\/10\/IMG_5941-web.jpg 600w, https:\/\/www.materiaux.archi\/content\/wp-content\/uploads\/2023\/10\/IMG_5941-web-300x200.jpg 300w\" sizes=\"(max-width: 600px) 100vw, 600px\" \/><\/figure>\n<\/figure>\n<\/div>\n<\/div>\n<\/div>\n<\/div>\n\n\n\n<div class=\"wp-block-buttons has-custom-font-size has-regular-font-size is-content-justification-center is-layout-flex wp-container-core-buttons-is-layout-16018d1d wp-block-buttons-is-layout-flex\">\n<div class=\"wp-block-button\"><a class=\"wp-block-button__link has-orange-background-color has-background has-regular-font-size has-custom-font-size wp-element-button\" href=\"https:\/\/visitedusine.youcanbook.me\/?SOURCE=SITEWEB\" style=\"border-radius:0px\" target=\"_blank\" rel=\"noreferrer noopener\"><strong>R\u00e9server une visite d&rsquo;usine<\/strong><\/a><\/div>\n<\/div>\n\n\n\n<div style=\"height:70px\" aria-hidden=\"true\" class=\"wp-block-spacer\"><\/div>\n\n\n\n<div class=\"wp-block-cover is-light is-style-full-size-cover is-style-full-width-cover\" style=\"min-height:350px;aspect-ratio:unset;\"><span aria-hidden=\"true\" class=\"wp-block-cover__background has-orange-background-color has-background-dim-100 has-background-dim\"><\/span><div class=\"wp-block-cover__inner-container is-layout-flow wp-block-cover-is-layout-flow\">\n<div class=\"wp-block-columns are-vertically-aligned-center is-layout-flex wp-container-core-columns-is-layout-9d6595d7 wp-block-columns-is-layout-flex\">\n<div class=\"wp-block-column is-vertically-aligned-center is-layout-flow wp-block-column-is-layout-flow\">\n<h2 class=\"wp-block-heading has-light-color has-text-color\">Les Workshops<\/h2>\n\n\n\n<p class=\"has-text-align-left has-light-color has-text-color has-large-font-size\">Organisez un atelier sur mesure pour vos \u00e9tudiants !<\/p>\n<\/div>\n\n\n\n<div class=\"wp-block-column is-vertically-aligned-center is-layout-flow wp-block-column-is-layout-flow\">\n<div class=\"wp-block-buttons is-content-justification-center is-layout-flex wp-container-core-buttons-is-layout-16018d1d wp-block-buttons-is-layout-flex\">\n<div class=\"wp-block-button\"><a class=\"wp-block-button__link has-orange-color has-light-background-color has-text-color has-background wp-element-button\" href=\"https:\/\/materiaux-archi-campus.youcanbook.me\/?SOURCE=SITEWEB-WORKSHOPS-EN-SAVOIR-PLUS\" style=\"border-radius:0px\" target=\"_blank\" rel=\"noreferrer noopener\">En savoir plus sur les Workshops<\/a><\/div>\n<\/div>\n<\/div>\n<\/div>\n<\/div><\/div>\n\n\n\n<h2 class=\"wp-block-heading has-orange-color has-text-color\">Les Workshops<\/h2>\n\n\n\n<p>La Mat\u00e9riauth\u00e8que Campus vous propose d&rsquo;organiser des Workshops sur mesure pour vos \u00e9tudiants. Un atelier est g\u00e9n\u00e9ralement compos\u00e9 de diff\u00e9rentes \u00e9tapes : <\/p>\n\n\n\n<ul class=\"wp-block-list\">\n<li>Une visite d&rsquo;usine<\/li>\n\n\n\n<li>Un brief \u00e9labor\u00e9 par l&rsquo;enseignant et\/ou le fabricant<\/li>\n\n\n\n<li>La cr\u00e9ation d&rsquo;ateliers avec les designers du fabricant et les enseignants<\/li>\n\n\n\n<li>Un moment d&rsquo;\u00e9changes et de v\u00e9rification sur l&rsquo;avancement des projets<\/li>\n\n\n\n<li>Le rendu et la pr\u00e9sentation des projets<\/li>\n<\/ul>\n\n\n\n<p>Vous souhaitez organiser un atelier sur mesure pour vos \u00e9tudiants ? Contactez-nous pour planifier votre Workshop personnalis\u00e9 avec la Mat\u00e9riauth\u00e8que Campus.<\/p>\n\n\n\n<div style=\"height:70px\" aria-hidden=\"true\" class=\"wp-block-spacer\"><\/div>\n\n\n\n<div class=\"wp-block-media-text alignfull is-stacked-on-mobile\" style=\"grid-template-columns:37% auto\"><figure class=\"wp-block-media-text__media\"><img loading=\"lazy\" decoding=\"async\" width=\"300\" height=\"225\" src=\"https:\/\/www.materiaux.archi\/content\/wp-content\/uploads\/2023\/02\/Workshop_1-300x225.jpg\" alt=\"Atelier Forbo Mat\u00e9riauth\u00e8que Campus\" class=\"wp-image-754 size-medium\" srcset=\"https:\/\/www.materiaux.archi\/content\/wp-content\/uploads\/2023\/02\/Workshop_1-300x225.jpg 300w, https:\/\/www.materiaux.archi\/content\/wp-content\/uploads\/2023\/02\/Workshop_1.jpg 539w\" sizes=\"(max-width: 300px) 100vw, 300px\" \/><\/figure><div class=\"wp-block-media-text__content\">\n<h4 class=\"wp-block-heading has-orange-color has-text-color\">Workshop : <strong>Studio Challenge avec l&rsquo;Ensci les ateliers &amp; Forbo (2021)<\/strong><\/h4>\n\n\n\n<p>De nombreux \u00e9tudiants, parmi les plus prestigieuses \u00e9coles de design, ont particip\u00e9 \u00e0 ces \u00ab\u00a0Students Challenges\u00a0\u00bb comme les \u00e9tudiants en design industriel de l&rsquo;universit\u00e9 Emily Carr de Vancouver, ceux de l&rsquo;Universit\u00e9 Zokei de Tokyo, du Beckmans College of Design de Stockholm ou encore de la Nuova Accademia di Belle Arti \u00e0 Milan.<\/p>\n\n\n\n<p>En 2021, en partenariat avec la Mat\u00e9riauth\u00e8que Campus, le d\u00e9fi a \u00e9t\u00e9 lanc\u00e9 \u00e0 l&rsquo;ENSCI &#8211; Les Ateliers, une \u00e9cole nationale enti\u00e8rement d\u00e9volue \u00e0 la cr\u00e9ation industrielle et au design.<\/p>\n<\/div><\/div>\n\n\n\n<div style=\"height:50px\" aria-hidden=\"true\" class=\"wp-block-spacer\"><\/div>\n\n\n\n<div class=\"wp-block-buttons is-content-justification-center is-layout-flex wp-container-core-buttons-is-layout-16018d1d wp-block-buttons-is-layout-flex\">\n<div class=\"wp-block-button\"><a class=\"wp-block-button__link has-luminous-vivid-orange-background-color has-background has-regular-font-size has-custom-font-size wp-element-button\" href=\"https:\/\/materiaux-archi-campus.youcanbook.me\/?SOURCE=SITEWEB-WORKSHOPS-EN-SAVOIR-PLUS\" style=\"border-radius:0px\" target=\"_blank\" rel=\"noreferrer noopener\">En savoir plus sur les Workshops<\/a><\/div>\n<\/div>\n\n\n\n<div style=\"height:70px\" aria-hidden=\"true\" class=\"wp-block-spacer\"><\/div>\n\n\n\n<div class=\"wp-block-cover is-light is-style-full-size-cover is-style-full-width-cover\" style=\"min-height:350px;aspect-ratio:unset;\"><span aria-hidden=\"true\" class=\"wp-block-cover__background has-orange-background-color has-background-dim-100 has-background-dim\"><\/span><div class=\"wp-block-cover__inner-container is-layout-flow wp-block-cover-is-layout-flow\">\n<div class=\"wp-block-columns are-vertically-aligned-center is-layout-flex wp-container-core-columns-is-layout-9d6595d7 wp-block-columns-is-layout-flex\">\n<div class=\"wp-block-column is-vertically-aligned-center is-layout-flow wp-block-column-is-layout-flow\">\n<h2 class=\"wp-block-heading has-light-color has-text-color\">Contribuez au d\u00e9veloppement de la Mat\u00e9riauth\u00e8que<\/h2>\n\n\n\n<p class=\"has-text-align-left has-light-color has-text-color has-large-font-size\">Envoyez-nous vos id\u00e9es, et cr\u00e9ez votre propre panneau p\u00e9dagogique !<\/p>\n<\/div>\n\n\n\n<div class=\"wp-block-column is-vertically-aligned-center is-layout-flow wp-block-column-is-layout-flow\">\n<div class=\"wp-block-buttons is-content-justification-center is-layout-flex wp-container-core-buttons-is-layout-16018d1d wp-block-buttons-is-layout-flex\">\n<div class=\"wp-block-button\"><a class=\"wp-block-button__link has-orange-color has-light-background-color has-text-color has-background wp-element-button\" href=\"https:\/\/www.materiaux.archi\/content\/contact\/\" style=\"border-radius:0px\" target=\"_blank\" rel=\"noreferrer noopener\">Proposez votre id\u00e9e<\/a><\/div>\n\n\n\n<div class=\"wp-block-button\"><a class=\"wp-block-button__link has-orange-color has-light-background-color has-text-color has-background wp-element-button\" href=\"https:\/\/www.materiaux.archi\/content\/wp-content\/uploads\/2023\/01\/Panneau-vierge.pdf\" style=\"border-radius:0px\" target=\"_blank\" rel=\"noreferrer noopener\">T\u00e9l\u00e9chargez notre mod\u00e8le<\/a><\/div>\n<\/div>\n<\/div>\n<\/div>\n<\/div><\/div>\n\n\n\n<div class=\"wp-block-columns is-layout-flex wp-container-core-columns-is-layout-9d6595d7 wp-block-columns-is-layout-flex\">\n<div class=\"wp-block-column is-layout-flow wp-block-column-is-layout-flow\">\n<h2 class=\"wp-block-heading has-orange-color has-text-color\">Participez au sourcing<\/h2>\n\n\n\n<p>Contribuez au d\u00e9veloppement de la Mat\u00e9riauth\u00e8que et proposez vos id\u00e9es ! Vous souhaitez retrouver un mat\u00e9riau ? Une solution ? Un fabricant ? Envoyez-nous vos propositions. Vous pouvez \u00e9galement sugg\u00e9rer des am\u00e9liorations ou bien modifier des fiches produits.<\/p>\n<\/div>\n\n\n\n<div class=\"wp-block-column is-vertically-aligned-center is-layout-flow wp-block-column-is-layout-flow\">\n<div class=\"wp-block-columns is-layout-flex wp-container-core-columns-is-layout-9d6595d7 wp-block-columns-is-layout-flex\">\n<div class=\"wp-block-column is-layout-flow wp-block-column-is-layout-flow\">\n<figure class=\"wp-block-image size-medium\"><img loading=\"lazy\" decoding=\"async\" width=\"300\" height=\"169\" src=\"https:\/\/www.materiaux.archi\/content\/wp-content\/uploads\/2023\/02\/Participez_au_sourcing_des_materiaux-300x169.png\" alt=\"echantillons 3 Mat\u00e9riauth\u00e8que Campus\" class=\"wp-image-1040\" srcset=\"https:\/\/www.materiaux.archi\/content\/wp-content\/uploads\/2023\/02\/Participez_au_sourcing_des_materiaux-300x169.png 300w, https:\/\/www.materiaux.archi\/content\/wp-content\/uploads\/2023\/02\/Participez_au_sourcing_des_materiaux.png 600w\" sizes=\"(max-width: 300px) 100vw, 300px\" \/><\/figure>\n<\/div>\n<\/div>\n<\/div>\n<\/div>\n\n\n\n<div style=\"height:70px\" aria-hidden=\"true\" class=\"wp-block-spacer\"><\/div>\n\n\n\n<div class=\"wp-block-columns is-layout-flex wp-container-core-columns-is-layout-9d6595d7 wp-block-columns-is-layout-flex\">\n<div class=\"wp-block-column is-layout-flow wp-block-column-is-layout-flow\">\n<figure class=\"wp-block-image size-large is-resized\"><img loading=\"lazy\" decoding=\"async\" width=\"1022\" height=\"1024\" src=\"https:\/\/www.materiaux.archi\/content\/wp-content\/uploads\/2023\/01\/Panneau-vierge-1022x1024.png\" alt=\"\" class=\"wp-image-638\" style=\"width:511px;height:512px\" srcset=\"https:\/\/www.materiaux.archi\/content\/wp-content\/uploads\/2023\/01\/Panneau-vierge-1022x1024.png 1022w, https:\/\/www.materiaux.archi\/content\/wp-content\/uploads\/2023\/01\/Panneau-vierge-300x300.png 300w, https:\/\/www.materiaux.archi\/content\/wp-content\/uploads\/2023\/01\/Panneau-vierge-1598x1600.png 1598w, https:\/\/www.materiaux.archi\/content\/wp-content\/uploads\/2023\/01\/Panneau-vierge-150x150.png 150w, https:\/\/www.materiaux.archi\/content\/wp-content\/uploads\/2023\/01\/Panneau-vierge-768x769.png 768w, https:\/\/www.materiaux.archi\/content\/wp-content\/uploads\/2023\/01\/Panneau-vierge-1534x1536.png 1534w, https:\/\/www.materiaux.archi\/content\/wp-content\/uploads\/2023\/01\/Panneau-vierge-2045x2048.png 2045w\" sizes=\"(max-width: 1022px) 100vw, 1022px\" \/><\/figure>\n<\/div>\n\n\n\n<div class=\"wp-block-column is-layout-flow wp-block-column-is-layout-flow\">\n<h2 class=\"wp-block-heading has-text-align-right has-orange-color has-text-color\">Cr\u00e9ez votre panneau<\/h2>\n\n\n\n<p class=\"has-text-align-right\">La Mat\u00e9riauth\u00e8que Campus propose \u00e0 chaque \u00e9cole d\u2019apporter sa brique au projet et cr\u00e9er de mani\u00e8re collaborative son propre panneau. Choisissez votre mat\u00e9riau, solution ou produit, mettez en avant ses caract\u00e9ristiques tout en conservant un aspect p\u00e9dagogique, apposez le logo de votre \u00e9cole et envoyez-le-nous !<\/p>\n\n\n\n<p class=\"has-text-align-right\">Les panneaux les plus pertinents seront produits et install\u00e9s dans 30 \u00e9coles.<\/p>\n\n\n\n<p class=\"has-text-align-right\">T\u00e9l\u00e9chargez <a href=\"https:\/\/www.materiaux.archi\/content\/wp-content\/uploads\/2023\/01\/Panneau-vierge.pdf\">ICI<\/a> notre mod\u00e8le de panneau et envoyez nous votre cr\u00e9ation \u00e0 l\u2019adresse suivante : <a href=\"mailto:contact@materiaux.archi\">contact@materiaux.archi<\/a><\/p>\n<\/div>\n<\/div>\n\n\n\n<div style=\"height:70px\" aria-hidden=\"true\" class=\"wp-block-spacer\"><\/div>\n\n\n\n<div class=\"wp-block-cover is-light is-style-full-size-cover is-style-full-width-cover\" style=\"min-height:350px;aspect-ratio:unset;\"><span aria-hidden=\"true\" class=\"wp-block-cover__background has-orange-background-color has-background-dim-100 has-background-dim\"><\/span><div class=\"wp-block-cover__inner-container is-layout-flow wp-block-cover-is-layout-flow\">\n<div class=\"wp-block-columns are-vertically-aligned-center is-layout-flex wp-container-core-columns-is-layout-9d6595d7 wp-block-columns-is-layout-flex\">\n<div class=\"wp-block-column is-vertically-aligned-center is-layout-flow wp-block-column-is-layout-flow\">\n<h2 class=\"wp-block-heading has-light-color has-text-color\">Voix de Nos Partenaires : T\u00e9moignages des Directeurs et Enseignants<\/h2>\n\n\n\n<p><\/p>\n\n\n\n<p class=\"has-text-align-left has-light-color has-text-color has-large-font-size\"><\/p>\n<\/div>\n\n\n\n<div class=\"wp-block-column is-vertically-aligned-center is-layout-flow wp-block-column-is-layout-flow\"><\/div>\n<\/div>\n<\/div><\/div>\n\n\n\n<div style=\"height:50px\" aria-hidden=\"true\" class=\"wp-block-spacer\"><\/div>\n\n\n\n<div class=\"wp-block-columns is-layout-flex wp-container-core-columns-is-layout-9d6595d7 wp-block-columns-is-layout-flex\">\n<div class=\"wp-block-column is-layout-flow wp-block-column-is-layout-flow\">\n<blockquote class=\"wp-block-quote is-layout-flow wp-block-quote-is-layout-flow\">\n<p class=\"has-orange-color has-text-color\"><strong>\u00a0\u00bb La table ronde \u00e9tait tr\u00e8s conviviale et vivante. A renouveler sans mod\u00e9ration. <\/strong>\u00ab\u00a0<\/p>\n<cite>GUY AMARD,<br>ENSEIGNANT ECOLE DE COND\u00c9 NANCY<\/cite><\/blockquote>\n\n\n\n<div class=\"wp-block-buttons is-content-justification-center is-layout-flex wp-container-core-buttons-is-layout-14c487f4 wp-block-buttons-is-layout-flex\"><\/div>\n<\/div>\n\n\n\n<div class=\"wp-block-column is-layout-flow wp-block-column-is-layout-flow\">\n<blockquote class=\"wp-block-quote is-layout-flow wp-block-quote-is-layout-flow\">\n<p class=\"has-orange-color has-text-color\"><strong>\u00a0\u00bb Un grand merci pour l\u2019organisation de cette table ronde, une vraie r\u00e9ussite ! <\/strong>\u00ab\u00a0<\/p>\n<cite>NATHALIE CUENCA,<br>DIRECTRICE ADJOINTE\u200b STUDIO M TOULOUSE<\/cite><\/blockquote>\n<\/div>\n\n\n\n<div class=\"wp-block-column is-layout-flow wp-block-column-is-layout-flow\">\n<blockquote class=\"wp-block-quote is-layout-flow wp-block-quote-is-layout-flow\">\n<p class=\"has-orange-color has-text-color\"><strong>\u00ab Les mat\u00e9riaux permettent de donner du sens. Notre sensibilit\u00e9 d\u00e9termine notre approche de la mati\u00e8re. La difficult\u00e9 principale est d\u2019allier sensibilit\u00e9 et contraintes techniques. \u00bb<\/strong><\/p>\n<cite>VINCENT,<br>ENSEIGNANT &amp; ARCHITECTE\u200b<\/cite><\/blockquote>\n<\/div>\n<\/div>\n\n\n\n<div class=\"wp-block-columns is-layout-flex wp-container-core-columns-is-layout-9d6595d7 wp-block-columns-is-layout-flex\">\n<div class=\"wp-block-column is-layout-flow wp-block-column-is-layout-flow\">\n<div class=\"wp-block-buttons is-content-justification-center is-layout-flex wp-container-core-buttons-is-layout-16018d1d wp-block-buttons-is-layout-flex\">\n<div class=\"wp-block-button is-style-outline is-style-outline--3\"><a class=\"wp-block-button__link wp-element-button\" href=\"https:\/\/www.materiaux.archi\/content\/vous-etes-fabricant-et-souhaitez-devenir-partenaire\/quest-ce-quils-en-disent\/\">Voir plus d&rsquo;avis<\/a><\/div>\n<\/div>\n<\/div>\n<\/div>\n\n\n\n<p><\/p>\n","protected":false},"excerpt":{"rendered":"<p>La Mat\u00e9riauth\u00e8que Campus Les Mat\u00e9riauth\u00e8ques Campus sont compos\u00e9es de panneaux p\u00e9dagogiques muraux et d&rsquo;un totem th\u00e9matique valorisant des mat\u00e9riaux biosourc\u00e9s et recycl\u00e9s. Les panneaux pr\u00e9sentent des \u00e9chantillons de mati\u00e8re, et offrent l&rsquo;acc\u00e8s \u00e0 une base de donn\u00e9es en ligne et collaborative. Des tables rondes sont organis\u00e9es tout au long de l\u2019ann\u00e9e sur des th\u00e9matiques donn\u00e9es. [&hellip;]<\/p>\n","protected":false},"author":6,"featured_media":0,"parent":0,"menu_order":0,"comment_status":"closed","ping_status":"closed","template":"","meta":{"footnotes":""},"class_list":["post-83","page","type-page","status-publish","hentry"],"acf":[],"_links":{"self":[{"href":"https:\/\/www.materiaux.archi\/content\/wp-json\/wp\/v2\/pages\/83","targetHints":{"allow":["GET"]}}],"collection":[{"href":"https:\/\/www.materiaux.archi\/content\/wp-json\/wp\/v2\/pages"}],"about":[{"href":"https:\/\/www.materiaux.archi\/content\/wp-json\/wp\/v2\/types\/page"}],"author":[{"embeddable":true,"href":"https:\/\/www.materiaux.archi\/content\/wp-json\/wp\/v2\/users\/6"}],"replies":[{"embeddable":true,"href":"https:\/\/www.materiaux.archi\/content\/wp-json\/wp\/v2\/comments?post=83"}],"version-history":[{"count":209,"href":"https:\/\/www.materiaux.archi\/content\/wp-json\/wp\/v2\/pages\/83\/revisions"}],"predecessor-version":[{"id":2495,"href":"https:\/\/www.materiaux.archi\/content\/wp-json\/wp\/v2\/pages\/83\/revisions\/2495"}],"wp:attachment":[{"href":"https:\/\/www.materiaux.archi\/content\/wp-json\/wp\/v2\/media?parent=83"}],"curies":[{"name":"wp","href":"https:\/\/api.w.org\/{rel}","templated":true}]}}